{"id":401,"date":"2017-09-12T10:22:00","date_gmt":"2017-09-12T08:22:00","guid":{"rendered":"http:\/\/www1.af-kulturstiftung.de\/wordpress\/?page_id=401"},"modified":"2023-06-15T18:23:42","modified_gmt":"2023-06-15T16:23:42","slug":"kontakt","status":"publish","type":"page","link":"https:\/\/www.af-kulturstiftung.de\/wordpress\/service\/kontakt\/","title":{"rendered":"Kontakt"},"content":{"rendered":"<section class=\"l-section wpb_row height_medium with_img parallax_fixed\"><div class=\"l-section-img\" role=\"img\" aria-label=\"Bild\" data-img-width=\"1042\" data-img-height=\"690\" style=\"background-image: url(https:\/\/www.af-kulturstiftung.de\/wordpress\/wp-content\/uploads\/AF_Oel_15_0006.jpg);background-repeat: no-repeat;\"><\/div><div class=\"l-section-h i-cf\"><div class=\"g-cols vc_row via_flex valign_top type_default stacking_default\"><div class=\"vc_col-sm-6 wpb_column vc_column_container has_bg_color\"><div class=\"vc_column-inner us_custom_b89a051f\"><div class=\"wpb_wrapper\"><div class=\"wpb_text_column\"><div class=\"wpb_wrapper\"><h4>KONTAKT<\/h4>\n<p>Andreas Felger Kulturstiftung<\/p>\n<p>Gesch\u00e4ftssitz:<br \/>\nL\u00f6wensteinplatz 1<br \/>\n72116 M\u00f6ssingen<\/p>\n<p>Postanschrift:<br \/>\nGei\u00dfh\u00e4userstra\u00dfe 15<br \/>\n72116 M\u00f6ssingen<\/p>\n<p><strong>Ansprechpartner<\/strong><br \/>\nFriedemann Felger<br \/>\nGesch\u00e4ftsf\u00fchrender Vorstand<\/p>\n<p>m +49 (0)178 7228297<\/p>\n<p>E-Mail: <a href=\"mailto:info@af-kulturstiftung.de\">info@af-kulturstiftung.de<\/a><br \/>\nWWW: <a href=\"https:\/\/www.af-kulturstiftung.de\/wordpress\">www.af-kulturstiftung.de<\/a><\/p>\n<p>_________________________________________<\/p>\n<p>Hintergrundbild:<br \/>\nAndreas Felger, ohne Titel, 2015, \u00d6l auf Leinwand, 100 x 150 cm \u00a9 AFKS<\/p>\n<\/div><\/div><\/div><\/div><\/div><div class=\"vc_col-sm-6 wpb_column vc_column_container has_bg_color\"><div class=\"vc_column-inner us_custom_4fb9e5a3\"><div class=\"wpb_wrapper\"><div class=\"wpb_text_column\"><div class=\"wpb_wrapper\"><h4>KONTAKTFORMULAR<\/h4>\n<\/div><\/div>\n<div class=\"wpcf7 no-js\" id=\"wpcf7-f10-o1\" lang=\"de-DE\" dir=\"ltr\" data-wpcf7-id=\"10\">\n<div class=\"screen-reader-response\"><p role=\"status\" aria-live=\"polite\" aria-atomic=\"true\"><\/p> <ul><\/ul><\/div>\n<form action=\"\/wordpress\/wp-json\/wp\/v2\/pages\/401#wpcf7-f10-o1\" method=\"post\" class=\"wpcf7-form init\" aria-label=\"Kontaktformular\" novalidate=\"novalidate\" data-status=\"init\">\n<fieldset class=\"hidden-fields-container\"><input type=\"hidden\" name=\"_wpcf7\" value=\"10\" \/><input type=\"hidden\" name=\"_wpcf7_version\" value=\"6.1.5\" \/><input type=\"hidden\" name=\"_wpcf7_locale\" value=\"de_DE\" \/><input type=\"hidden\" name=\"_wpcf7_unit_tag\" value=\"wpcf7-f10-o1\" \/><input type=\"hidden\" name=\"_wpcf7_container_post\" value=\"0\" \/><input type=\"hidden\" name=\"_wpcf7_posted_data_hash\" value=\"\" \/>\n<\/fieldset>\n<p><label> Ihr Name (Pflichtfeld)<br \/>\n<span class=\"wpcf7-form-control-wrap\" data-name=\"your-name\"><input size=\"40\" maxlength=\"400\" class=\"wpcf7-form-control wpcf7-text wpcf7-validates-as-required\" aria-required=\"true\" aria-invalid=\"false\" value=\"\" type=\"text\" name=\"your-name\" \/><\/span> <\/label>\n<\/p>\n<p><label> Ihre E-Mail-Adresse (Pflichtfeld)<br \/>\n<span class=\"wpcf7-form-control-wrap\" data-name=\"your-email\"><input size=\"40\" maxlength=\"400\" class=\"wpcf7-form-control wpcf7-email wpcf7-validates-as-required wpcf7-text wpcf7-validates-as-email\" aria-required=\"true\" aria-invalid=\"false\" value=\"\" type=\"email\" name=\"your-email\" \/><\/span> <\/label>\n<\/p>\n<p><label> Betreff<br \/>\n<span class=\"wpcf7-form-control-wrap\" data-name=\"your-subject\"><input size=\"40\" maxlength=\"400\" class=\"wpcf7-form-control wpcf7-text\" aria-invalid=\"false\" value=\"\" type=\"text\" name=\"your-subject\" \/><\/span> <\/label>\n<\/p>\n<p><label> Ihre Nachricht<br \/>\n<span class=\"wpcf7-form-control-wrap\" data-name=\"your-message\"><textarea cols=\"40\" rows=\"10\" maxlength=\"2000\" class=\"wpcf7-form-control wpcf7-textarea\" aria-invalid=\"false\" name=\"your-message\"><\/textarea><\/span> <\/label>\n<\/p>\n<p><span class=\"wpcf7-form-control-wrap\" data-name=\"acceptance-450\"><span class=\"wpcf7-form-control wpcf7-acceptance\"><span class=\"wpcf7-list-item\"><input type=\"checkbox\" name=\"acceptance-450\" value=\"1\" aria-invalid=\"false\" \/><\/span><\/span><\/span> Ich habe die <a href=\"\/datenschutz\/\">Datenschutzerkl\u00e4rung<\/a> zur Kenntnis genommen. Ich stimme zu, dass meine Angaben und Daten zur Beantwortung meiner Anfrage elektronisch erhoben und gespeichert werden.\n<\/p>\n<p>Hinweis: Sie k\u00f6nnen Ihre Einwilligung jederzeit f\u00fcr die Zukunft per E-Mail an <a href=\"mailto:info@af-kulturstiftung.de\">info@af-kulturstiftung.de<\/a> widerrufen.\n<\/p>\n<div id=\"cf7sr-69f0b90de8a8b\" class=\"cf7sr-g-recaptcha\" data-theme=\"light\" data-type=\"image\" data-size=\"normal\" data-sitekey=\"6LeLtEEUAAAAAAAdijMHm8b_FM97NuAw6RTSYmR_\"><\/div><span class=\"wpcf7-form-control-wrap cf7sr-recaptcha\" data-name=\"cf7sr-recaptcha\"><input type=\"hidden\" name=\"cf7sr-recaptcha\" value=\"\" class=\"wpcf7-form-control\"><\/span>\n<\/p>\n<p><input class=\"wpcf7-form-control wpcf7-submit has-spinner\" type=\"submit\" value=\"Senden\" \/>\n<\/p><div class=\"wpcf7-response-output\" aria-hidden=\"true\"><\/div>\n<\/form>\n<\/div>\n<\/div><\/div><\/div><\/div><\/div><\/section><!-- Row Backgrounds -->\n","protected":false},"excerpt":{"rendered":"KONTAKT Andreas Felger Kulturstiftung Gesch\u00e4ftssitz: L\u00f6wensteinplatz 1 72116 M\u00f6ssingen Postanschrift: Gei\u00dfh\u00e4userstra\u00dfe 15 72116 M\u00f6ssingen Ansprechpartner Friedemann Felger Gesch\u00e4ftsf\u00fchrender Vorstand m +49 (0)178 7228297 E-Mail: info@af-kulturstiftung.de WWW: www.af-kulturstiftung.de _________________________________________ Hintergrundbild: Andreas Felger, ohne Titel, 2015, \u00d6l auf Leinwand, 100 x 150 cm \u00a9 AFKS KONTAKTFORMULAR Ihr Name (Pflichtfeld) Ihre E-Mail-Adresse (Pflichtfeld) Betreff Ihre Nachricht Ich habe...","protected":false},"author":4,"featured_media":0,"parent":25,"menu_order":0,"comment_status":"closed","ping_status":"closed","template":"","meta":{"h5ap_radio_sources":[],"footnotes":""},"class_list":["post-401","page","type-page","status-publish","hentry"],"_links":{"self":[{"href":"https:\/\/www.af-kulturstiftung.de\/wordpress\/wp-json\/wp\/v2\/pages\/401","targetHints":{"allow":["GET"]}}],"collection":[{"href":"https:\/\/www.af-kulturstiftung.de\/wordpress\/wp-json\/wp\/v2\/pages"}],"about":[{"href":"https:\/\/www.af-kulturstiftung.de\/wordpress\/wp-json\/wp\/v2\/types\/page"}],"author":[{"embeddable":true,"href":"https:\/\/www.af-kulturstiftung.de\/wordpress\/wp-json\/wp\/v2\/users\/4"}],"replies":[{"embeddable":true,"href":"https:\/\/www.af-kulturstiftung.de\/wordpress\/wp-json\/wp\/v2\/comments?post=401"}],"version-history":[{"count":0,"href":"https:\/\/www.af-kulturstiftung.de\/wordpress\/wp-json\/wp\/v2\/pages\/401\/revisions"}],"up":[{"embeddable":true,"href":"https:\/\/www.af-kulturstiftung.de\/wordpress\/wp-json\/wp\/v2\/pages\/25"}],"wp:attachment":[{"href":"https:\/\/www.af-kulturstiftung.de\/wordpress\/wp-json\/wp\/v2\/media?parent=401"}],"curies":[{"name":"wp","href":"https:\/\/api.w.org\/{rel}","templated":true}]}}