{"id":354,"date":"2017-09-12T10:12:42","date_gmt":"2017-09-12T08:12:42","guid":{"rendered":"http:\/\/www1.af-kulturstiftung.de\/wordpress\/?page_id=354"},"modified":"2026-02-01T09:49:17","modified_gmt":"2026-02-01T08:49:17","slug":"werk-des-quartals","status":"publish","type":"page","link":"https:\/\/www.af-kulturstiftung.de\/wordpress\/das-werk\/werk-des-quartals\/","title":{"rendered":"Werk des Quartals"},"content":{"rendered":"<section class=\"l-section wpb_row height_medium\"><div class=\"l-section-h i-cf\"><div class=\"g-cols vc_row via_flex valign_top type_default stacking_default\"><div class=\"vc_col-sm-3 wpb_column vc_column_container\"><div class=\"vc_column-inner\"><div class=\"wpb_wrapper\"><div class=\"wpb_text_column\"><div class=\"wpb_wrapper\"><h4>WERK DES QUARTALS<\/h4>\n<\/div><\/div><\/div><\/div><\/div><div class=\"vc_col-sm-9 wpb_column vc_column_container\"><div class=\"vc_column-inner\"><div class=\"wpb_wrapper\"><div class=\"wpb_text_column\"><div class=\"wpb_wrapper\"><p>Als \u201cWerk des Quartals\u201d stellen wir Ihnen vier Mal im Jahr ein Werk aus dem \u0152uvre von Andreas Felger vor. Kunstwissenschaftler, Freunde des K\u00fcnstlers und Mitglieder der Stiftung stellen ihre Lieblingswerke vor und kommentieren sie aus ihrer pers\u00f6nlichen Perspektive. Lassen Sie sich von den Autorinnen und Autoren dieser Bildbetrachtungen zu eigenen Werkinterpretationen inspirieren.<br \/>\nUnser <a href=\"\/newsletter\/\">Newsletter<\/a> informiert Sie stets aktuell \u00fcber Werke des Quartals.<\/p>\n<\/div><\/div><\/div><\/div><\/div><\/div><\/div><\/section><section class=\"l-section wpb_row us_custom_c2f20314 height_medium\"><div class=\"l-section-h i-cf\"><div class=\"g-cols vc_row via_flex valign_top type_default stacking_default\" style=\"--additional-gap:5px;\"><div class=\"vc_col-sm-3 wpb_column vc_column_container\"><div class=\"vc_column-inner\"><div class=\"wpb_wrapper\"><div class=\"w-separator size_custom\" style=\"height:16px\"><\/div><\/div><\/div><\/div><div class=\"vc_col-sm-3 wpb_column vc_column_container\"><div class=\"vc_column-inner\"><div class=\"wpb_wrapper\"><div class=\"w-separator size_custom\" style=\"height:16px\"><\/div><\/div><\/div><\/div><div class=\"vc_col-sm-3 wpb_column vc_column_container\"><div class=\"vc_column-inner\"><div class=\"wpb_wrapper\"><div class=\"w-separator size_custom\" style=\"height:16px\"><\/div><\/div><\/div><\/div><div class=\"vc_col-sm-3 wpb_column vc_column_container\"><div class=\"vc_column-inner\"><div class=\"wpb_wrapper\"><div class=\"wpb_text_column\"><div class=\"wpb_wrapper\"><h5>01.2026<\/h5>\n<\/div><\/div><div class=\"w-image align_none\"><a target=\"_blank\" title=\"Werk des Quartals 01.2023\" href=\"\/wordpress\/werk-des-quartals-01-2026\/\" aria-label=\"Andreas Felger, ohne Titel, 2025\" class=\"w-image-h\"><img decoding=\"async\" width=\"768\" height=\"1851\" src=\"https:\/\/www.af-kulturstiftung.de\/wordpress\/wp-content\/uploads\/AF_AC_25_0016-768x1851.jpg\" class=\"attachment-us_768_0 size-us_768_0\" alt=\"\" loading=\"lazy\" srcset=\"https:\/\/www.af-kulturstiftung.de\/wordpress\/wp-content\/uploads\/AF_AC_25_0016-768x1851.jpg 768w, https:\/\/www.af-kulturstiftung.de\/wordpress\/wp-content\/uploads\/AF_AC_25_0016-124x300.jpg 124w, https:\/\/www.af-kulturstiftung.de\/wordpress\/wp-content\/uploads\/AF_AC_25_0016-425x1024.jpg 425w, https:\/\/www.af-kulturstiftung.de\/wordpress\/wp-content\/uploads\/AF_AC_25_0016-62x150.jpg 62w, https:\/\/www.af-kulturstiftung.de\/wordpress\/wp-content\/uploads\/AF_AC_25_0016-scaled.jpg 1062w\" sizes=\"auto, (max-width: 768px) 100vw, 768px\" \/><\/a><\/div><div class=\"w-separator size_custom\" style=\"height:16px\"><\/div><\/div><\/div><\/div><\/div><\/div><\/section><section class=\"l-section wpb_row us_custom_c2f20314 height_medium\"><div class=\"l-section-h i-cf\"><div class=\"g-cols vc_row via_flex valign_top type_default stacking_default\" style=\"--additional-gap:5px;\"><div class=\"vc_col-sm-3 wpb_column vc_column_container\"><div class=\"vc_column-inner\"><div class=\"wpb_wrapper\"><div class=\"wpb_text_column\"><div class=\"wpb_wrapper\"><h5>04.2025<\/h5>\n<\/div><\/div><div class=\"w-image align_none\"><a target=\"_blank\" title=\"Werk des Quartals 01.2023\" href=\"https:\/\/www.af-kulturstiftung.de\/wordpress\/werk-des-quartals-04-2025\/\" aria-label=\"Andreas Felger, ohne Titel, 2024\" class=\"w-image-h\"><img decoding=\"async\" width=\"768\" height=\"1083\" src=\"https:\/\/www.af-kulturstiftung.de\/wordpress\/wp-content\/uploads\/AF_oel_24_0043-768x1083.jpg\" class=\"attachment-us_768_0 size-us_768_0\" alt=\"\" loading=\"lazy\" srcset=\"https:\/\/www.af-kulturstiftung.de\/wordpress\/wp-content\/uploads\/AF_oel_24_0043-768x1083.jpg 768w, https:\/\/www.af-kulturstiftung.de\/wordpress\/wp-content\/uploads\/AF_oel_24_0043-213x300.jpg 213w, https:\/\/www.af-kulturstiftung.de\/wordpress\/wp-content\/uploads\/AF_oel_24_0043-726x1024.jpg 726w, https:\/\/www.af-kulturstiftung.de\/wordpress\/wp-content\/uploads\/AF_oel_24_0043-106x150.jpg 106w, https:\/\/www.af-kulturstiftung.de\/wordpress\/wp-content\/uploads\/AF_oel_24_0043-scaled.jpg 1816w\" sizes=\"auto, (max-width: 768px) 100vw, 768px\" \/><\/a><\/div><div class=\"w-separator size_custom\" style=\"height:16px\"><\/div><\/div><\/div><\/div><div class=\"vc_col-sm-3 wpb_column vc_column_container\"><div class=\"vc_column-inner\"><div class=\"wpb_wrapper\"><div class=\"wpb_text_column\"><div class=\"wpb_wrapper\"><h5>03.2025<\/h5>\n<\/div><\/div><div class=\"w-image align_none\"><a target=\"_blank\" title=\"Werk des Quartals 01.2023\" href=\"https:\/\/www.af-kulturstiftung.de\/wordpress\/werk-des-quartals-03-2025\/\" aria-label=\"Andreas Felger, ohne Titel, 2005\" class=\"w-image-h\"><img decoding=\"async\" width=\"768\" height=\"1022\" src=\"https:\/\/www.af-kulturstiftung.de\/wordpress\/wp-content\/uploads\/AF_AQ_05_0600-768x1022.jpg\" class=\"attachment-us_768_0 size-us_768_0\" alt=\"\" loading=\"lazy\" srcset=\"https:\/\/www.af-kulturstiftung.de\/wordpress\/wp-content\/uploads\/AF_AQ_05_0600-768x1022.jpg 768w, https:\/\/www.af-kulturstiftung.de\/wordpress\/wp-content\/uploads\/AF_AQ_05_0600-225x300.jpg 225w, https:\/\/www.af-kulturstiftung.de\/wordpress\/wp-content\/uploads\/AF_AQ_05_0600-769x1024.jpg 769w, https:\/\/www.af-kulturstiftung.de\/wordpress\/wp-content\/uploads\/AF_AQ_05_0600-113x150.jpg 113w, https:\/\/www.af-kulturstiftung.de\/wordpress\/wp-content\/uploads\/AF_AQ_05_0600-scaled.jpg 1924w\" sizes=\"auto, (max-width: 768px) 100vw, 768px\" \/><\/a><\/div><div class=\"w-separator size_custom\" style=\"height:16px\"><\/div><\/div><\/div><\/div><div class=\"vc_col-sm-3 wpb_column vc_column_container\"><div class=\"vc_column-inner\"><div class=\"wpb_wrapper\"><div class=\"wpb_text_column\"><div class=\"wpb_wrapper\"><h5>02.2025<\/h5>\n<p>&nbsp;<\/p>\n<\/div><\/div><div class=\"w-image align_none\"><a target=\"_blank\" title=\"Werk des Quartals 01.2023\" href=\"https:\/\/www.af-kulturstiftung.de\/wordpress\/werk-des-quartals-02-2025\/\" aria-label=\"Andreas Felger, Entwurf Theatervorhang, 2024\" class=\"w-image-h\"><img decoding=\"async\" width=\"768\" height=\"383\" src=\"https:\/\/www.af-kulturstiftung.de\/wordpress\/wp-content\/uploads\/AF_Entwurf_Vorhang_I-768x383.png\" class=\"attachment-us_768_0 size-us_768_0\" alt=\"\" loading=\"lazy\" srcset=\"https:\/\/www.af-kulturstiftung.de\/wordpress\/wp-content\/uploads\/AF_Entwurf_Vorhang_I-768x383.png 768w, https:\/\/www.af-kulturstiftung.de\/wordpress\/wp-content\/uploads\/AF_Entwurf_Vorhang_I-300x150.png 300w, https:\/\/www.af-kulturstiftung.de\/wordpress\/wp-content\/uploads\/AF_Entwurf_Vorhang_I-1024x511.png 1024w, https:\/\/www.af-kulturstiftung.de\/wordpress\/wp-content\/uploads\/AF_Entwurf_Vorhang_I-150x75.png 150w, https:\/\/www.af-kulturstiftung.de\/wordpress\/wp-content\/uploads\/AF_Entwurf_Vorhang_I.png 1440w\" sizes=\"auto, (max-width: 768px) 100vw, 768px\" \/><\/a><\/div><div class=\"w-separator size_custom\" style=\"height:16px\"><\/div><\/div><\/div><\/div><div class=\"vc_col-sm-3 wpb_column vc_column_container\"><div class=\"vc_column-inner\"><div class=\"wpb_wrapper\"><div class=\"wpb_text_column\"><div class=\"wpb_wrapper\"><h5>01.2025<\/h5>\n<\/div><\/div><div class=\"w-image align_none\"><a target=\"_blank\" title=\"Werk des Quartals 01.2023\" href=\"https:\/\/www.af-kulturstiftung.de\/wordpress\/werk-des-quartals-01-2025\/\" aria-label=\"Andreas Felger, Credo IX: Hinabgestiegen in das Reich des Todes, 2011\" class=\"w-image-h\"><img decoding=\"async\" width=\"768\" height=\"749\" src=\"https:\/\/www.af-kulturstiftung.de\/wordpress\/wp-content\/uploads\/AF_Oel_11_0051-768x749.jpg\" class=\"attachment-us_768_0 size-us_768_0\" alt=\"\" loading=\"lazy\" srcset=\"https:\/\/www.af-kulturstiftung.de\/wordpress\/wp-content\/uploads\/AF_Oel_11_0051-768x749.jpg 768w, https:\/\/www.af-kulturstiftung.de\/wordpress\/wp-content\/uploads\/AF_Oel_11_0051-300x293.jpg 300w, https:\/\/www.af-kulturstiftung.de\/wordpress\/wp-content\/uploads\/AF_Oel_11_0051-1024x999.jpg 1024w, https:\/\/www.af-kulturstiftung.de\/wordpress\/wp-content\/uploads\/AF_Oel_11_0051-150x146.jpg 150w\" sizes=\"auto, (max-width: 768px) 100vw, 768px\" \/><\/a><\/div><div class=\"w-separator size_custom\" style=\"height:16px\"><\/div><\/div><\/div><\/div><\/div><\/div><\/section><section class=\"l-section wpb_row us_custom_c2f20314 height_medium\"><div class=\"l-section-h i-cf\"><div class=\"g-cols vc_row via_flex valign_top type_default stacking_default\" style=\"--additional-gap:5px;\"><div class=\"vc_col-sm-3 wpb_column vc_column_container\"><div class=\"vc_column-inner\"><div class=\"wpb_wrapper\"><div class=\"wpb_text_column\"><div class=\"wpb_wrapper\"><h5>04.2024<\/h5>\n<\/div><\/div><div class=\"w-image align_none\"><a target=\"_blank\" title=\"Werk des Quartals 01.2023\" href=\"https:\/\/www.af-kulturstiftung.de\/wordpress\/werk-des-quartals-04-2024\/\" aria-label=\"Andreas Felger, ohne Titel, 2006\" class=\"w-image-h\"><img decoding=\"async\" width=\"768\" height=\"1046\" src=\"https:\/\/www.af-kulturstiftung.de\/wordpress\/wp-content\/uploads\/AF_AQ_06_0490-1-768x1046.jpg\" class=\"attachment-us_768_0 size-us_768_0\" alt=\"\" loading=\"lazy\" srcset=\"https:\/\/www.af-kulturstiftung.de\/wordpress\/wp-content\/uploads\/AF_AQ_06_0490-1-768x1046.jpg 768w, https:\/\/www.af-kulturstiftung.de\/wordpress\/wp-content\/uploads\/AF_AQ_06_0490-1-220x300.jpg 220w, https:\/\/www.af-kulturstiftung.de\/wordpress\/wp-content\/uploads\/AF_AQ_06_0490-1-752x1024.jpg 752w, https:\/\/www.af-kulturstiftung.de\/wordpress\/wp-content\/uploads\/AF_AQ_06_0490-1-110x150.jpg 110w, https:\/\/www.af-kulturstiftung.de\/wordpress\/wp-content\/uploads\/AF_AQ_06_0490-1.jpg 940w\" sizes=\"auto, (max-width: 768px) 100vw, 768px\" \/><\/a><\/div><div class=\"w-separator size_custom\" style=\"height:16px\"><\/div><\/div><\/div><\/div><div class=\"vc_col-sm-3 wpb_column vc_column_container\"><div class=\"vc_column-inner\"><div class=\"wpb_wrapper\"><div class=\"wpb_text_column\"><div class=\"wpb_wrapper\"><h5>03.2024<\/h5>\n<\/div><\/div><div class=\"w-image align_none\"><a target=\"_blank\" title=\"Werk des Quartals 01.2023\" href=\"https:\/\/www.af-kulturstiftung.de\/wordpress\/werk-des-quartals-03-2024\/\" aria-label=\"Ohne Titel (Sch\u00f6pfungszyklus), 1995, Glasfenster\" class=\"w-image-h\"><img decoding=\"async\" width=\"768\" height=\"1069\" src=\"https:\/\/www.af-kulturstiftung.de\/wordpress\/wp-content\/uploads\/IMG_6854-768x1069.jpg\" class=\"attachment-us_768_0 size-us_768_0\" alt=\"\" loading=\"lazy\" srcset=\"https:\/\/www.af-kulturstiftung.de\/wordpress\/wp-content\/uploads\/IMG_6854-768x1069.jpg 768w, https:\/\/www.af-kulturstiftung.de\/wordpress\/wp-content\/uploads\/IMG_6854-216x300.jpg 216w, https:\/\/www.af-kulturstiftung.de\/wordpress\/wp-content\/uploads\/IMG_6854-736x1024.jpg 736w, https:\/\/www.af-kulturstiftung.de\/wordpress\/wp-content\/uploads\/IMG_6854-108x150.jpg 108w, https:\/\/www.af-kulturstiftung.de\/wordpress\/wp-content\/uploads\/IMG_6854-scaled.jpg 1839w\" sizes=\"auto, (max-width: 768px) 100vw, 768px\" \/><\/a><\/div><div class=\"w-separator size_custom\" style=\"height:16px\"><\/div><\/div><\/div><\/div><div class=\"vc_col-sm-3 wpb_column vc_column_container\"><div class=\"vc_column-inner\"><div class=\"wpb_wrapper\"><div class=\"wpb_text_column\"><div class=\"wpb_wrapper\"><h5>02.2024<\/h5>\n<\/div><\/div><div class=\"w-image align_none\"><a target=\"_blank\" title=\"Werk des Quartals 01.2023\" href=\"https:\/\/www.af-kulturstiftung.de\/wordpress\/werk-des-quartals-02-2024\/\" aria-label=\"Andreas Felger, Der Mensch ist wie die Blume auf dem Felde, 1998\" class=\"w-image-h\"><img decoding=\"async\" width=\"768\" height=\"1042\" src=\"https:\/\/www.af-kulturstiftung.de\/wordpress\/wp-content\/uploads\/AF_AQ_98_0032-768x1042.jpg\" class=\"attachment-us_768_0 size-us_768_0\" alt=\"\" loading=\"lazy\" srcset=\"https:\/\/www.af-kulturstiftung.de\/wordpress\/wp-content\/uploads\/AF_AQ_98_0032-768x1042.jpg 768w, https:\/\/www.af-kulturstiftung.de\/wordpress\/wp-content\/uploads\/AF_AQ_98_0032-221x300.jpg 221w, https:\/\/www.af-kulturstiftung.de\/wordpress\/wp-content\/uploads\/AF_AQ_98_0032-755x1024.jpg 755w, https:\/\/www.af-kulturstiftung.de\/wordpress\/wp-content\/uploads\/AF_AQ_98_0032-111x150.jpg 111w, https:\/\/www.af-kulturstiftung.de\/wordpress\/wp-content\/uploads\/AF_AQ_98_0032-scaled.jpg 1888w\" sizes=\"auto, (max-width: 768px) 100vw, 768px\" \/><\/a><\/div><div class=\"w-separator size_custom\" style=\"height:16px\"><\/div><\/div><\/div><\/div><div class=\"vc_col-sm-3 wpb_column vc_column_container\"><div class=\"vc_column-inner\"><div class=\"wpb_wrapper\"><div class=\"wpb_text_column\"><div class=\"wpb_wrapper\"><h5>01.2024<\/h5>\n<\/div><\/div><div class=\"w-image align_none\"><a target=\"_blank\" title=\"Werk des Quartals 01.2023\" href=\"https:\/\/www.af-kulturstiftung.de\/wordpress\/werk-des-quartals-01-2024\/\" aria-label=\"Andreas Felger, ohne Titel, 2023\" class=\"w-image-h\"><img decoding=\"async\" width=\"768\" height=\"1030\" src=\"https:\/\/www.af-kulturstiftung.de\/wordpress\/wp-content\/uploads\/AF_Oel_23_0021-768x1030.jpg\" class=\"attachment-us_768_0 size-us_768_0\" alt=\"\" loading=\"lazy\" srcset=\"https:\/\/www.af-kulturstiftung.de\/wordpress\/wp-content\/uploads\/AF_Oel_23_0021-768x1030.jpg 768w, https:\/\/www.af-kulturstiftung.de\/wordpress\/wp-content\/uploads\/AF_Oel_23_0021-224x300.jpg 224w, https:\/\/www.af-kulturstiftung.de\/wordpress\/wp-content\/uploads\/AF_Oel_23_0021-763x1024.jpg 763w, https:\/\/www.af-kulturstiftung.de\/wordpress\/wp-content\/uploads\/AF_Oel_23_0021-112x150.jpg 112w, https:\/\/www.af-kulturstiftung.de\/wordpress\/wp-content\/uploads\/AF_Oel_23_0021-scaled.jpg 1908w\" sizes=\"auto, (max-width: 768px) 100vw, 768px\" \/><\/a><\/div><div class=\"w-separator size_custom\" style=\"height:16px\"><\/div><\/div><\/div><\/div><\/div><\/div><\/section><section class=\"l-section wpb_row us_custom_c2f20314 height_medium\"><div class=\"l-section-h i-cf\"><div class=\"g-cols vc_row via_flex valign_top type_default stacking_default\" style=\"--additional-gap:5px;\"><div class=\"vc_col-sm-3 wpb_column vc_column_container\"><div class=\"vc_column-inner\"><div class=\"wpb_wrapper\"><div class=\"wpb_text_column\"><div class=\"wpb_wrapper\"><h5>04.2023<\/h5>\n<\/div><\/div><div class=\"w-image align_none\"><a target=\"_blank\" title=\"Werk des Quartals 01.2023\" href=\"https:\/\/www.af-kulturstiftung.de\/wordpress\/werk-des-quartals-04-2023\/\" aria-label=\"Andreas Felger, ohne Titel, 2020\" class=\"w-image-h\"><img decoding=\"async\" width=\"768\" height=\"1019\" src=\"https:\/\/www.af-kulturstiftung.de\/wordpress\/wp-content\/uploads\/AF_MT_20_0002-768x1019.jpg\" class=\"attachment-us_768_0 size-us_768_0\" alt=\"\" loading=\"lazy\" srcset=\"https:\/\/www.af-kulturstiftung.de\/wordpress\/wp-content\/uploads\/AF_MT_20_0002-768x1019.jpg 768w, https:\/\/www.af-kulturstiftung.de\/wordpress\/wp-content\/uploads\/AF_MT_20_0002-226x300.jpg 226w, https:\/\/www.af-kulturstiftung.de\/wordpress\/wp-content\/uploads\/AF_MT_20_0002-772x1024.jpg 772w, https:\/\/www.af-kulturstiftung.de\/wordpress\/wp-content\/uploads\/AF_MT_20_0002-113x150.jpg 113w, https:\/\/www.af-kulturstiftung.de\/wordpress\/wp-content\/uploads\/AF_MT_20_0002-scaled.jpg 1930w\" sizes=\"auto, (max-width: 768px) 100vw, 768px\" \/><\/a><\/div><div class=\"w-separator size_custom\" style=\"height:16px\"><\/div><\/div><\/div><\/div><div class=\"vc_col-sm-3 wpb_column vc_column_container\"><div class=\"vc_column-inner\"><div class=\"wpb_wrapper\"><div class=\"wpb_text_column\"><div class=\"wpb_wrapper\"><h5>03.2023<\/h5>\n<\/div><\/div><div class=\"w-image align_none\"><a target=\"_blank\" title=\"Werk des Quartals 01.2023\" href=\"https:\/\/www.af-kulturstiftung.de\/wordpress\/werk-des-quartals-03-2023\/\" aria-label=\"Andreas Felger, ohne Titel, 2022\" class=\"w-image-h\"><img decoding=\"async\" width=\"768\" height=\"1018\" src=\"https:\/\/www.af-kulturstiftung.de\/wordpress\/wp-content\/uploads\/AF_Oel_22_0045-768x1018.jpg\" class=\"attachment-us_768_0 size-us_768_0\" alt=\"\" loading=\"lazy\" srcset=\"https:\/\/www.af-kulturstiftung.de\/wordpress\/wp-content\/uploads\/AF_Oel_22_0045-768x1018.jpg 768w, https:\/\/www.af-kulturstiftung.de\/wordpress\/wp-content\/uploads\/AF_Oel_22_0045-226x300.jpg 226w, https:\/\/www.af-kulturstiftung.de\/wordpress\/wp-content\/uploads\/AF_Oel_22_0045-772x1024.jpg 772w, https:\/\/www.af-kulturstiftung.de\/wordpress\/wp-content\/uploads\/AF_Oel_22_0045-113x150.jpg 113w, https:\/\/www.af-kulturstiftung.de\/wordpress\/wp-content\/uploads\/AF_Oel_22_0045-scaled.jpg 1931w\" sizes=\"auto, (max-width: 768px) 100vw, 768px\" \/><\/a><\/div><div class=\"w-separator size_custom\" style=\"height:16px\"><\/div><\/div><\/div><\/div><div class=\"vc_col-sm-3 wpb_column vc_column_container\"><div class=\"vc_column-inner\"><div class=\"wpb_wrapper\"><div class=\"wpb_text_column\"><div class=\"wpb_wrapper\"><h5>02.2023<\/h5>\n<\/div><\/div><div class=\"w-image align_none\"><a target=\"_blank\" title=\"Werk des Quartals 01.2023\" href=\"https:\/\/www.af-kulturstiftung.de\/wordpress\/werk-des-quartals-01-2023\/\" aria-label=\"Andreas Felger, Herrlichkeit, 2001\" class=\"w-image-h\"><img decoding=\"async\" width=\"768\" height=\"768\" src=\"https:\/\/www.af-kulturstiftung.de\/wordpress\/wp-content\/uploads\/AF_HR_01_0005-1-768x768.jpg\" class=\"attachment-us_768_0 size-us_768_0\" alt=\"\" loading=\"lazy\" srcset=\"https:\/\/www.af-kulturstiftung.de\/wordpress\/wp-content\/uploads\/AF_HR_01_0005-1-768x768.jpg 768w, https:\/\/www.af-kulturstiftung.de\/wordpress\/wp-content\/uploads\/AF_HR_01_0005-1-300x300.jpg 300w, https:\/\/www.af-kulturstiftung.de\/wordpress\/wp-content\/uploads\/AF_HR_01_0005-1-1024x1024.jpg 1024w, https:\/\/www.af-kulturstiftung.de\/wordpress\/wp-content\/uploads\/AF_HR_01_0005-1-150x150.jpg 150w, https:\/\/www.af-kulturstiftung.de\/wordpress\/wp-content\/uploads\/AF_HR_01_0005-1-350x350.jpg 350w, https:\/\/www.af-kulturstiftung.de\/wordpress\/wp-content\/uploads\/AF_HR_01_0005-1-600x600.jpg 600w\" sizes=\"auto, (max-width: 768px) 100vw, 768px\" \/><\/a><\/div><div class=\"w-separator size_custom\" style=\"height:16px\"><\/div><\/div><\/div><\/div><div class=\"vc_col-sm-3 wpb_column vc_column_container\"><div class=\"vc_column-inner\"><div class=\"wpb_wrapper\"><div class=\"wpb_text_column\"><div class=\"wpb_wrapper\"><h5>01.2023<\/h5>\n<\/div><\/div><div class=\"w-image align_none\"><a target=\"_blank\" title=\"Werk des Quartals 01.2023\" href=\"https:\/\/www.af-kulturstiftung.de\/wordpress\/werk-des-quartals-02-2023\/\" aria-label=\"Andreas Felger, ohne Titel (Die zehn Jungfrauen), 2005\" class=\"w-image-h\"><img decoding=\"async\" width=\"768\" height=\"1032\" src=\"https:\/\/www.af-kulturstiftung.de\/wordpress\/wp-content\/uploads\/AF_AQ_05_0607-768x1032.jpeg\" class=\"attachment-us_768_0 size-us_768_0\" alt=\"\" loading=\"lazy\" srcset=\"https:\/\/www.af-kulturstiftung.de\/wordpress\/wp-content\/uploads\/AF_AQ_05_0607-768x1032.jpeg 768w, https:\/\/www.af-kulturstiftung.de\/wordpress\/wp-content\/uploads\/AF_AQ_05_0607-223x300.jpeg 223w, https:\/\/www.af-kulturstiftung.de\/wordpress\/wp-content\/uploads\/AF_AQ_05_0607-762x1024.jpeg 762w, https:\/\/www.af-kulturstiftung.de\/wordpress\/wp-content\/uploads\/AF_AQ_05_0607-112x150.jpeg 112w, https:\/\/www.af-kulturstiftung.de\/wordpress\/wp-content\/uploads\/AF_AQ_05_0607.jpeg 953w\" sizes=\"auto, (max-width: 768px) 100vw, 768px\" \/><\/a><\/div><div class=\"w-separator size_custom\" style=\"height:16px\"><\/div><\/div><\/div><\/div><\/div><\/div><\/section><section class=\"l-section wpb_row us_custom_c2f20314 height_medium\"><div class=\"l-section-h i-cf\"><div class=\"g-cols vc_row via_flex valign_top type_default stacking_default\" style=\"--additional-gap:5px;\"><div class=\"vc_col-sm-3 wpb_column vc_column_container\"><div class=\"vc_column-inner\"><div class=\"wpb_wrapper\"><div class=\"wpb_text_column\"><div class=\"wpb_wrapper\"><h5>04.2022<\/h5>\n<\/div><\/div><div class=\"w-image align_none\"><a target=\"_blank\" title=\"Werk des Quartals 03.2022\" href=\"https:\/\/www.af-kulturstiftung.de\/wordpress\/werk-des-quartals-04-2022\/\" aria-label=\"AF_Oel_15_0006_Detail\" class=\"w-image-h\"><img decoding=\"async\" width=\"432\" height=\"685\" src=\"https:\/\/www.af-kulturstiftung.de\/wordpress\/wp-content\/uploads\/AF_Oel_15_0006_Detail-1.jpg\" class=\"attachment-us_768_0 size-us_768_0\" alt=\"\" loading=\"lazy\" srcset=\"https:\/\/www.af-kulturstiftung.de\/wordpress\/wp-content\/uploads\/AF_Oel_15_0006_Detail-1.jpg 432w, https:\/\/www.af-kulturstiftung.de\/wordpress\/wp-content\/uploads\/AF_Oel_15_0006_Detail-1-189x300.jpg 189w, https:\/\/www.af-kulturstiftung.de\/wordpress\/wp-content\/uploads\/AF_Oel_15_0006_Detail-1-95x150.jpg 95w\" sizes=\"auto, (max-width: 432px) 100vw, 432px\" \/><\/a><\/div><div class=\"w-separator size_custom\" style=\"height:16px\"><\/div><\/div><\/div><\/div><div class=\"vc_col-sm-3 wpb_column vc_column_container\"><div class=\"vc_column-inner\"><div class=\"wpb_wrapper\"><div class=\"wpb_text_column\"><div class=\"wpb_wrapper\"><h5>03.2022<\/h5>\n<\/div><\/div><div class=\"w-image align_none\"><a target=\"_blank\" title=\"Werk des Quartals 03.2022\" href=\"https:\/\/www.af-kulturstiftung.de\/wordpress\/werk-des-quartals-03-2022\/\" aria-label=\"Andreas Felger, Wegmarken I, 2020\" class=\"w-image-h\"><img decoding=\"async\" width=\"504\" height=\"829\" src=\"https:\/\/www.af-kulturstiftung.de\/wordpress\/wp-content\/uploads\/Wegmarke_Ausschnitt.jpg\" class=\"attachment-us_768_0 size-us_768_0\" alt=\"\" loading=\"lazy\" srcset=\"https:\/\/www.af-kulturstiftung.de\/wordpress\/wp-content\/uploads\/Wegmarke_Ausschnitt.jpg 504w, https:\/\/www.af-kulturstiftung.de\/wordpress\/wp-content\/uploads\/Wegmarke_Ausschnitt-182x300.jpg 182w, https:\/\/www.af-kulturstiftung.de\/wordpress\/wp-content\/uploads\/Wegmarke_Ausschnitt-91x150.jpg 91w\" sizes=\"auto, (max-width: 504px) 100vw, 504px\" \/><\/a><\/div><div class=\"w-separator size_custom\" style=\"height:16px\"><\/div><\/div><\/div><\/div><div class=\"vc_col-sm-3 wpb_column vc_column_container\"><div class=\"vc_column-inner\"><div class=\"wpb_wrapper\"><div class=\"wpb_text_column\"><div class=\"wpb_wrapper\"><h5>02.2022<\/h5>\n<\/div><\/div><div class=\"w-image align_none\"><a target=\"_blank\" title=\"Werk des Quartals 02.2022\" href=\"https:\/\/www.af-kulturstiftung.de\/wordpress\/werk-des-quartals-02-2022\/\" aria-label=\"Andreas Felger, Alblandschaft \u2013 Durchdringung, 1974\" class=\"w-image-h\"><img decoding=\"async\" width=\"768\" height=\"1152\" src=\"https:\/\/www.af-kulturstiftung.de\/wordpress\/wp-content\/uploads\/DSC08908-768x1152.jpg\" class=\"attachment-us_768_0 size-us_768_0\" alt=\"\" loading=\"lazy\" srcset=\"https:\/\/www.af-kulturstiftung.de\/wordpress\/wp-content\/uploads\/DSC08908-768x1152.jpg 768w, https:\/\/www.af-kulturstiftung.de\/wordpress\/wp-content\/uploads\/DSC08908-200x300.jpg 200w, https:\/\/www.af-kulturstiftung.de\/wordpress\/wp-content\/uploads\/DSC08908-683x1024.jpg 683w, https:\/\/www.af-kulturstiftung.de\/wordpress\/wp-content\/uploads\/DSC08908-100x150.jpg 100w, https:\/\/www.af-kulturstiftung.de\/wordpress\/wp-content\/uploads\/DSC08908-scaled.jpg 1707w\" sizes=\"auto, (max-width: 768px) 100vw, 768px\" \/><\/a><\/div><div class=\"w-separator size_custom\" style=\"height:16px\"><\/div><\/div><\/div><\/div><div class=\"vc_col-sm-3 wpb_column vc_column_container\"><div class=\"vc_column-inner\"><div class=\"wpb_wrapper\"><div class=\"wpb_text_column\"><div class=\"wpb_wrapper\"><h5>01.2022<\/h5>\n<\/div><\/div><div class=\"w-image align_none\"><a target=\"_blank\" title=\"Werk des Quartals 02.2021\" href=\"https:\/\/www.af-kulturstiftung.de\/wordpress\/werk-des-quartals-04-2021-2\/\" aria-label=\"Yaxuma_Detail\" class=\"w-image-h\"><img decoding=\"async\" width=\"768\" height=\"997\" src=\"https:\/\/www.af-kulturstiftung.de\/wordpress\/wp-content\/uploads\/Yaxuma_Detail-768x997.jpg\" class=\"attachment-us_768_0 size-us_768_0\" alt=\"\" loading=\"lazy\" srcset=\"https:\/\/www.af-kulturstiftung.de\/wordpress\/wp-content\/uploads\/Yaxuma_Detail-768x997.jpg 768w, https:\/\/www.af-kulturstiftung.de\/wordpress\/wp-content\/uploads\/Yaxuma_Detail-231x300.jpg 231w, https:\/\/www.af-kulturstiftung.de\/wordpress\/wp-content\/uploads\/Yaxuma_Detail-789x1024.jpg 789w, https:\/\/www.af-kulturstiftung.de\/wordpress\/wp-content\/uploads\/Yaxuma_Detail-116x150.jpg 116w, https:\/\/www.af-kulturstiftung.de\/wordpress\/wp-content\/uploads\/Yaxuma_Detail.jpg 1075w\" sizes=\"auto, (max-width: 768px) 100vw, 768px\" \/><\/a><\/div><div class=\"w-separator size_custom\" style=\"height:16px\"><\/div><\/div><\/div><\/div><\/div><\/div><\/section><section class=\"l-section wpb_row us_custom_c2f20314 height_medium\"><div class=\"l-section-h i-cf\"><div class=\"g-cols vc_row via_flex valign_top type_default stacking_default\" style=\"--additional-gap:5px;\"><div class=\"vc_col-sm-3 wpb_column vc_column_container\"><div class=\"vc_column-inner\"><div class=\"wpb_wrapper\"><div class=\"wpb_text_column\"><div class=\"wpb_wrapper\"><h5>04.2021<\/h5>\n<\/div><\/div><div class=\"w-image align_none\"><a target=\"_blank\" title=\"Werk des Quartals 01.2022\" href=\"https:\/\/www.af-kulturstiftung.de\/wordpress\/werk-des-quartals-01-2022-2\/\" aria-label=\"Andreas Felger, Ohne Titel, 2005\" class=\"w-image-h\"><img decoding=\"async\" width=\"768\" height=\"1035\" src=\"https:\/\/www.af-kulturstiftung.de\/wordpress\/wp-content\/uploads\/AF_AQ_05_0416-768x1035.jpeg\" class=\"attachment-us_768_0 size-us_768_0\" alt=\"\" loading=\"lazy\" srcset=\"https:\/\/www.af-kulturstiftung.de\/wordpress\/wp-content\/uploads\/AF_AQ_05_0416-768x1035.jpeg 768w, https:\/\/www.af-kulturstiftung.de\/wordpress\/wp-content\/uploads\/AF_AQ_05_0416-223x300.jpeg 223w, https:\/\/www.af-kulturstiftung.de\/wordpress\/wp-content\/uploads\/AF_AQ_05_0416-760x1024.jpeg 760w, https:\/\/www.af-kulturstiftung.de\/wordpress\/wp-content\/uploads\/AF_AQ_05_0416-111x150.jpeg 111w, https:\/\/www.af-kulturstiftung.de\/wordpress\/wp-content\/uploads\/AF_AQ_05_0416.jpeg 950w\" sizes=\"auto, (max-width: 768px) 100vw, 768px\" \/><\/a><\/div><div class=\"w-separator size_custom\" style=\"height:16px\"><\/div><\/div><\/div><\/div><div class=\"vc_col-sm-3 wpb_column vc_column_container\"><div class=\"vc_column-inner\"><div class=\"wpb_wrapper\"><div class=\"wpb_text_column\"><div class=\"wpb_wrapper\"><h5>03.2021<\/h5>\n<\/div><\/div><div class=\"w-image align_none\"><a target=\"_blank\" title=\"Werk des Quartals 02.2021\" href=\"https:\/\/www.af-kulturstiftung.de\/wordpress\/werk-des-quartals-03-2021\/\" aria-label=\"Andreas Felger, ohne Titel, 1953\" class=\"w-image-h\"><img decoding=\"async\" width=\"768\" height=\"1106\" src=\"https:\/\/www.af-kulturstiftung.de\/wordpress\/wp-content\/uploads\/AF_ZE_53_0006-768x1106.jpg\" class=\"attachment-us_768_0 size-us_768_0\" alt=\"\" loading=\"lazy\" srcset=\"https:\/\/www.af-kulturstiftung.de\/wordpress\/wp-content\/uploads\/AF_ZE_53_0006-768x1106.jpg 768w, https:\/\/www.af-kulturstiftung.de\/wordpress\/wp-content\/uploads\/AF_ZE_53_0006-208x300.jpg 208w, https:\/\/www.af-kulturstiftung.de\/wordpress\/wp-content\/uploads\/AF_ZE_53_0006-711x1024.jpg 711w, https:\/\/www.af-kulturstiftung.de\/wordpress\/wp-content\/uploads\/AF_ZE_53_0006-104x150.jpg 104w, https:\/\/www.af-kulturstiftung.de\/wordpress\/wp-content\/uploads\/AF_ZE_53_0006.jpg 1042w\" sizes=\"auto, (max-width: 768px) 100vw, 768px\" \/><\/a><\/div><div class=\"w-separator size_custom\" style=\"height:16px\"><\/div><\/div><\/div><\/div><div class=\"vc_col-sm-3 wpb_column vc_column_container\"><div class=\"vc_column-inner\"><div class=\"wpb_wrapper\"><div class=\"wpb_text_column\"><div class=\"wpb_wrapper\"><h5>02.2021<\/h5>\n<\/div><\/div><div class=\"w-image align_none\"><a target=\"_blank\" title=\"Werk des Quartals 02.2021\" href=\"https:\/\/www.af-kulturstiftung.de\/wordpress\/werk-des-quartals-02-2021\/\" aria-label=\"Andreas Felger, Gefangene l\u00f6sen (Werke der Barmherzigkeit I), 1989\" class=\"w-image-h\"><img decoding=\"async\" width=\"768\" height=\"1144\" src=\"https:\/\/www.af-kulturstiftung.de\/wordpress\/wp-content\/uploads\/AF_HS_89_0011-768x1144.jpg\" class=\"attachment-us_768_0 size-us_768_0\" alt=\"\" loading=\"lazy\" srcset=\"https:\/\/www.af-kulturstiftung.de\/wordpress\/wp-content\/uploads\/AF_HS_89_0011-768x1144.jpg 768w, https:\/\/www.af-kulturstiftung.de\/wordpress\/wp-content\/uploads\/AF_HS_89_0011-201x300.jpg 201w, https:\/\/www.af-kulturstiftung.de\/wordpress\/wp-content\/uploads\/AF_HS_89_0011-687x1024.jpg 687w, https:\/\/www.af-kulturstiftung.de\/wordpress\/wp-content\/uploads\/AF_HS_89_0011-101x150.jpg 101w, https:\/\/www.af-kulturstiftung.de\/wordpress\/wp-content\/uploads\/AF_HS_89_0011.jpg 1039w\" sizes=\"auto, (max-width: 768px) 100vw, 768px\" \/><\/a><\/div><div class=\"w-separator size_custom\" style=\"height:16px\"><\/div><\/div><\/div><\/div><div class=\"vc_col-sm-3 wpb_column vc_column_container stretched\"><div class=\"vc_column-inner\"><div class=\"wpb_wrapper\"><div class=\"wpb_text_column\"><div class=\"wpb_wrapper\"><h5>01.2021<\/h5>\n<\/div><\/div><div class=\"w-image align_none\"><a target=\"_blank\" title=\"Werk des Quartals 02.2020\" href=\"https:\/\/www.af-kulturstiftung.de\/wordpress\/werk-des-quartals-01-2021\/\" aria-label=\"Andreas Felger, ohne Titel, 2012\" class=\"w-image-h\"><img decoding=\"async\" width=\"768\" height=\"384\" src=\"https:\/\/www.af-kulturstiftung.de\/wordpress\/wp-content\/uploads\/AF_Oel_12_0052-1-768x384.jpg\" class=\"attachment-us_768_0 size-us_768_0\" alt=\"\" loading=\"lazy\" srcset=\"https:\/\/www.af-kulturstiftung.de\/wordpress\/wp-content\/uploads\/AF_Oel_12_0052-1-768x384.jpg 768w, https:\/\/www.af-kulturstiftung.de\/wordpress\/wp-content\/uploads\/AF_Oel_12_0052-1-300x150.jpg 300w, https:\/\/www.af-kulturstiftung.de\/wordpress\/wp-content\/uploads\/AF_Oel_12_0052-1-1024x511.jpg 1024w, https:\/\/www.af-kulturstiftung.de\/wordpress\/wp-content\/uploads\/AF_Oel_12_0052-1-150x75.jpg 150w\" sizes=\"auto, (max-width: 768px) 100vw, 768px\" \/><\/a><\/div><div class=\"w-separator size_custom\" style=\"height:16px\"><\/div><\/div><\/div><\/div><\/div><\/div><\/section><section class=\"l-section wpb_row us_custom_c2f20314 height_medium\"><div class=\"l-section-h i-cf\"><div class=\"g-cols vc_row via_flex valign_top type_default stacking_default\" style=\"--additional-gap:5px;\"><div class=\"vc_col-sm-3 wpb_column vc_column_container\"><div class=\"vc_column-inner\"><div class=\"wpb_wrapper\"><div class=\"wpb_text_column\"><div class=\"wpb_wrapper\"><h5>04.2020<\/h5>\n<\/div><\/div><div class=\"w-image align_none\"><a target=\"_blank\" title=\"Werk des Quartals 02.2020\" href=\"https:\/\/www.af-kulturstiftung.de\/wordpress\/werk-des-quartals-04-2020\/\" aria-label=\"Andreas Felger, Corona IX, 2020\" class=\"w-image-h\"><img decoding=\"async\" width=\"645\" height=\"963\" src=\"https:\/\/www.af-kulturstiftung.de\/wordpress\/wp-content\/uploads\/AF_AQ_20_0009.jpg\" class=\"attachment-us_768_0 size-us_768_0\" alt=\"\" loading=\"lazy\" srcset=\"https:\/\/www.af-kulturstiftung.de\/wordpress\/wp-content\/uploads\/AF_AQ_20_0009.jpg 645w, https:\/\/www.af-kulturstiftung.de\/wordpress\/wp-content\/uploads\/AF_AQ_20_0009-201x300.jpg 201w, https:\/\/www.af-kulturstiftung.de\/wordpress\/wp-content\/uploads\/AF_AQ_20_0009-100x150.jpg 100w\" sizes=\"auto, (max-width: 645px) 100vw, 645px\" \/><\/a><\/div><div class=\"w-separator size_custom\" style=\"height:16px\"><\/div><\/div><\/div><\/div><div class=\"vc_col-sm-3 wpb_column vc_column_container\"><div class=\"vc_column-inner\"><div class=\"wpb_wrapper\"><div class=\"wpb_text_column\"><div class=\"wpb_wrapper\"><h5>03.2020<\/h5>\n<\/div><\/div><div class=\"w-image align_none\"><a target=\"_blank\" title=\"Werk des Quartals 02.2020\" href=\"https:\/\/www.af-kulturstiftung.de\/wordpress\/werk-des-quartals-03-2020\/\" aria-label=\"Andreas Felger, Self-portrait, 1959\" class=\"w-image-h\"><img decoding=\"async\" width=\"768\" height=\"1171\" src=\"https:\/\/www.af-kulturstiftung.de\/wordpress\/wp-content\/uploads\/IMG_6745_web-768x1171.jpg\" class=\"attachment-us_768_0 size-us_768_0\" alt=\"\" loading=\"lazy\" srcset=\"https:\/\/www.af-kulturstiftung.de\/wordpress\/wp-content\/uploads\/IMG_6745_web-768x1171.jpg 768w, https:\/\/www.af-kulturstiftung.de\/wordpress\/wp-content\/uploads\/IMG_6745_web-197x300.jpg 197w, https:\/\/www.af-kulturstiftung.de\/wordpress\/wp-content\/uploads\/IMG_6745_web-671x1024.jpg 671w, https:\/\/www.af-kulturstiftung.de\/wordpress\/wp-content\/uploads\/IMG_6745_web-1007x1536.jpg 1007w, https:\/\/www.af-kulturstiftung.de\/wordpress\/wp-content\/uploads\/IMG_6745_web-98x150.jpg 98w, https:\/\/www.af-kulturstiftung.de\/wordpress\/wp-content\/uploads\/IMG_6745_web.jpg 1042w\" sizes=\"auto, (max-width: 768px) 100vw, 768px\" \/><\/a><\/div><div class=\"w-separator size_custom\" style=\"height:16px\"><\/div><\/div><\/div><\/div><div class=\"vc_col-sm-3 wpb_column vc_column_container\"><div class=\"vc_column-inner\"><div class=\"wpb_wrapper\"><div class=\"wpb_text_column\"><div class=\"wpb_wrapper\"><h5>02.2020<\/h5>\n<\/div><\/div><div class=\"w-image align_none\"><a target=\"_blank\" title=\"Werk des Quartals 02.2020\" href=\"https:\/\/www.af-kulturstiftung.de\/wordpress\/werk-des-quartals-02-2020\/\" aria-label=\"Andreas Felger, ohne Titel, 2007\" class=\"w-image-h\"><img decoding=\"async\" width=\"768\" height=\"1035\" src=\"https:\/\/www.af-kulturstiftung.de\/wordpress\/wp-content\/uploads\/AF_AQ_07_0010-1-768x1035.jpg\" class=\"attachment-us_768_0 size-us_768_0\" alt=\"\" loading=\"lazy\" srcset=\"https:\/\/www.af-kulturstiftung.de\/wordpress\/wp-content\/uploads\/AF_AQ_07_0010-1-768x1035.jpg 768w, https:\/\/www.af-kulturstiftung.de\/wordpress\/wp-content\/uploads\/AF_AQ_07_0010-1-223x300.jpg 223w, https:\/\/www.af-kulturstiftung.de\/wordpress\/wp-content\/uploads\/AF_AQ_07_0010-1-760x1024.jpg 760w, https:\/\/www.af-kulturstiftung.de\/wordpress\/wp-content\/uploads\/AF_AQ_07_0010-1-111x150.jpg 111w, https:\/\/www.af-kulturstiftung.de\/wordpress\/wp-content\/uploads\/AF_AQ_07_0010-1.jpg 950w\" sizes=\"auto, (max-width: 768px) 100vw, 768px\" \/><\/a><\/div><div class=\"w-separator size_custom\" style=\"height:16px\"><\/div><\/div><\/div><\/div><div class=\"vc_col-sm-3 wpb_column vc_column_container\"><div class=\"vc_column-inner\"><div class=\"wpb_wrapper\"><div class=\"wpb_text_column\"><div class=\"wpb_wrapper\"><h5>01.2020<\/h5>\n<\/div><\/div><div class=\"w-image align_none\"><a target=\"_blank\" title=\"Werk des Quartals 01.2020\" href=\"https:\/\/www.af-kulturstiftung.de\/wordpress\/werk-des-quartals-01-2020\/\" aria-label=\"Lamm_Gottes_Detail\" class=\"w-image-h\"><img decoding=\"async\" width=\"565\" height=\"651\" src=\"https:\/\/www.af-kulturstiftung.de\/wordpress\/wp-content\/uploads\/Lamm_Gottes_Detail.jpg\" class=\"attachment-us_768_0 size-us_768_0\" alt=\"\" loading=\"lazy\" srcset=\"https:\/\/www.af-kulturstiftung.de\/wordpress\/wp-content\/uploads\/Lamm_Gottes_Detail.jpg 565w, https:\/\/www.af-kulturstiftung.de\/wordpress\/wp-content\/uploads\/Lamm_Gottes_Detail-260x300.jpg 260w, https:\/\/www.af-kulturstiftung.de\/wordpress\/wp-content\/uploads\/Lamm_Gottes_Detail-130x150.jpg 130w\" sizes=\"auto, (max-width: 565px) 100vw, 565px\" \/><\/a><\/div><div class=\"w-separator size_custom\" style=\"height:16px\"><\/div><\/div><\/div><\/div><\/div><\/div><\/section><section class=\"l-section wpb_row us_custom_c2f20314 height_medium\"><div class=\"l-section-h i-cf\"><div class=\"g-cols vc_row via_flex valign_top type_default stacking_default\" style=\"--additional-gap:5px;\"><div class=\"vc_col-sm-3 wpb_column vc_column_container\"><div class=\"vc_column-inner\"><div class=\"wpb_wrapper\"><div class=\"wpb_text_column\"><div class=\"wpb_wrapper\"><h5>04.2019<\/h5>\n<\/div><\/div><div class=\"w-image align_none\"><a target=\"_blank\" title=\"Werk des Quartals 04.2019\" href=\"https:\/\/www.af-kulturstiftung.de\/wordpress\/werk-des-quartals-04-2019\/\" aria-label=\"Andreas Felger, PAUSA Skulptur, 2015\" class=\"w-image-h\"><img decoding=\"async\" width=\"768\" height=\"1090\" src=\"https:\/\/www.af-kulturstiftung.de\/wordpress\/wp-content\/uploads\/AF_Sklptr_014-768x1090.jpg\" class=\"attachment-us_768_0 size-us_768_0\" alt=\"\" loading=\"lazy\" srcset=\"https:\/\/www.af-kulturstiftung.de\/wordpress\/wp-content\/uploads\/AF_Sklptr_014-768x1090.jpg 768w, https:\/\/www.af-kulturstiftung.de\/wordpress\/wp-content\/uploads\/AF_Sklptr_014-211x300.jpg 211w, https:\/\/www.af-kulturstiftung.de\/wordpress\/wp-content\/uploads\/AF_Sklptr_014-722x1024.jpg 722w, https:\/\/www.af-kulturstiftung.de\/wordpress\/wp-content\/uploads\/AF_Sklptr_014-106x150.jpg 106w, https:\/\/www.af-kulturstiftung.de\/wordpress\/wp-content\/uploads\/AF_Sklptr_014.jpg 800w\" sizes=\"auto, (max-width: 768px) 100vw, 768px\" \/><\/a><\/div><\/div><\/div><\/div><div class=\"vc_col-sm-3 wpb_column vc_column_container\"><div class=\"vc_column-inner\"><div class=\"wpb_wrapper\"><div class=\"wpb_text_column\"><div class=\"wpb_wrapper\"><h5>03.2019<\/h5>\n<\/div><\/div><div class=\"w-image align_none\"><a target=\"_blank\" title=\"Werk des Quartals 03.2019\" href=\"https:\/\/www.af-kulturstiftung.de\/wordpress\/werk-des-quartals-03-2019\/\" aria-label=\"Andreas Felger, ohne Titel, 2008\" class=\"w-image-h\"><img decoding=\"async\" width=\"768\" height=\"770\" src=\"https:\/\/www.af-kulturstiftung.de\/wordpress\/wp-content\/uploads\/AF_OEL_08_0017-768x770.jpg\" class=\"attachment-us_768_0 size-us_768_0\" alt=\"\" loading=\"lazy\" srcset=\"https:\/\/www.af-kulturstiftung.de\/wordpress\/wp-content\/uploads\/AF_OEL_08_0017-768x770.jpg 768w, https:\/\/www.af-kulturstiftung.de\/wordpress\/wp-content\/uploads\/AF_OEL_08_0017-300x300.jpg 300w, https:\/\/www.af-kulturstiftung.de\/wordpress\/wp-content\/uploads\/AF_OEL_08_0017-1021x1024.jpg 1021w, https:\/\/www.af-kulturstiftung.de\/wordpress\/wp-content\/uploads\/AF_OEL_08_0017-150x150.jpg 150w, https:\/\/www.af-kulturstiftung.de\/wordpress\/wp-content\/uploads\/AF_OEL_08_0017-350x350.jpg 350w, https:\/\/www.af-kulturstiftung.de\/wordpress\/wp-content\/uploads\/AF_OEL_08_0017.jpg 1042w\" sizes=\"auto, (max-width: 768px) 100vw, 768px\" \/><\/a><\/div><\/div><\/div><\/div><div class=\"vc_col-sm-3 wpb_column vc_column_container\"><div class=\"vc_column-inner\"><div class=\"wpb_wrapper\"><div class=\"wpb_text_column\"><div class=\"wpb_wrapper\"><h5>02.2019<\/h5>\n<\/div><\/div><div class=\"w-image align_none\"><a target=\"_blank\" title=\"Werk des Quartals 02.2019\" href=\"https:\/\/www.af-kulturstiftung.de\/wordpress\/werk-des-quartals-02-2019\/\" aria-label=\"Andreas Felger, Fukushima, 2011\" class=\"w-image-h\"><img decoding=\"async\" width=\"768\" height=\"761\" src=\"https:\/\/www.af-kulturstiftung.de\/wordpress\/wp-content\/uploads\/AF_Oel_11_0015-1-768x761.jpg\" class=\"attachment-us_768_0 size-us_768_0\" alt=\"\" loading=\"lazy\" srcset=\"https:\/\/www.af-kulturstiftung.de\/wordpress\/wp-content\/uploads\/AF_Oel_11_0015-1-768x761.jpg 768w, https:\/\/www.af-kulturstiftung.de\/wordpress\/wp-content\/uploads\/AF_Oel_11_0015-1-300x297.jpg 300w, https:\/\/www.af-kulturstiftung.de\/wordpress\/wp-content\/uploads\/AF_Oel_11_0015-1-1024x1014.jpg 1024w, https:\/\/www.af-kulturstiftung.de\/wordpress\/wp-content\/uploads\/AF_Oel_11_0015-1-150x150.jpg 150w, https:\/\/www.af-kulturstiftung.de\/wordpress\/wp-content\/uploads\/AF_Oel_11_0015-1.jpg 1042w\" sizes=\"auto, (max-width: 768px) 100vw, 768px\" \/><\/a><\/div><\/div><\/div><\/div><div class=\"vc_col-sm-3 wpb_column vc_column_container\"><div class=\"vc_column-inner\"><div class=\"wpb_wrapper\"><div class=\"wpb_text_column\"><div class=\"wpb_wrapper\"><h5>01.2019<\/h5>\n<\/div><\/div><div class=\"w-image align_none\"><a target=\"_blank\" title=\"Werk des Quartals 01.2019\" href=\"https:\/\/www.af-kulturstiftung.de\/wordpress\/werk-des-quartals-01-2019\/\" aria-label=\"Andreas Felger, ohne Titel (Sommer), 1974\" class=\"w-image-h\"><img decoding=\"async\" width=\"768\" height=\"1040\" src=\"https:\/\/www.af-kulturstiftung.de\/wordpress\/wp-content\/uploads\/AF_HS_74_0023-2-768x1040.jpg\" class=\"attachment-us_768_0 size-us_768_0\" alt=\"\" loading=\"lazy\" srcset=\"https:\/\/www.af-kulturstiftung.de\/wordpress\/wp-content\/uploads\/AF_HS_74_0023-2-768x1040.jpg 768w, https:\/\/www.af-kulturstiftung.de\/wordpress\/wp-content\/uploads\/AF_HS_74_0023-2-222x300.jpg 222w, https:\/\/www.af-kulturstiftung.de\/wordpress\/wp-content\/uploads\/AF_HS_74_0023-2-756x1024.jpg 756w, https:\/\/www.af-kulturstiftung.de\/wordpress\/wp-content\/uploads\/AF_HS_74_0023-2-111x150.jpg 111w, https:\/\/www.af-kulturstiftung.de\/wordpress\/wp-content\/uploads\/AF_HS_74_0023-2-scaled.jpg 1890w\" sizes=\"auto, (max-width: 768px) 100vw, 768px\" \/><\/a><\/div><\/div><\/div><\/div><\/div><\/div><\/section>\n","protected":false},"excerpt":{"rendered":"WERK DES QUARTALS Als \u201cWerk des Quartals\u201d stellen wir Ihnen vier Mal im Jahr ein Werk aus dem \u0152uvre von Andreas Felger vor. Kunstwissenschaftler, Freunde des K\u00fcnstlers und Mitglieder der Stiftung stellen ihre Lieblingswerke vor und kommentieren sie aus ihrer pers\u00f6nlichen Perspektive. Lassen Sie sich von den Autorinnen und Autoren dieser Bildbetrachtungen zu eigenen Werkinterpretationen...","protected":false},"author":4,"featured_media":0,"parent":8960,"menu_order":0,"comment_status":"closed","ping_status":"closed","template":"","meta":{"h5ap_radio_sources":[],"footnotes":""},"class_list":["post-354","page","type-page","status-publish","hentry"],"_links":{"self":[{"href":"https:\/\/www.af-kulturstiftung.de\/wordpress\/wp-json\/wp\/v2\/pages\/354","targetHints":{"allow":["GET"]}}],"collection":[{"href":"https:\/\/www.af-kulturstiftung.de\/wordpress\/wp-json\/wp\/v2\/pages"}],"about":[{"href":"https:\/\/www.af-kulturstiftung.de\/wordpress\/wp-json\/wp\/v2\/types\/page"}],"author":[{"embeddable":true,"href":"https:\/\/www.af-kulturstiftung.de\/wordpress\/wp-json\/wp\/v2\/users\/4"}],"replies":[{"embeddable":true,"href":"https:\/\/www.af-kulturstiftung.de\/wordpress\/wp-json\/wp\/v2\/comments?post=354"}],"version-history":[{"count":0,"href":"https:\/\/www.af-kulturstiftung.de\/wordpress\/wp-json\/wp\/v2\/pages\/354\/revisions"}],"up":[{"embeddable":true,"href":"https:\/\/www.af-kulturstiftung.de\/wordpress\/wp-json\/wp\/v2\/pages\/8960"}],"wp:attachment":[{"href":"https:\/\/www.af-kulturstiftung.de\/wordpress\/wp-json\/wp\/v2\/media?parent=354"}],"curies":[{"name":"wp","href":"https:\/\/api.w.org\/{rel}","templated":true}]}}