{"id":1405,"date":"2017-10-22T18:30:15","date_gmt":"2017-10-22T16:30:15","guid":{"rendered":"http:\/\/www1.af-kulturstiftung.de\/wordpress\/?page_id=1405"},"modified":"2023-09-20T16:42:29","modified_gmt":"2023-09-20T14:42:29","slug":"skulptur","status":"publish","type":"page","link":"https:\/\/www.af-kulturstiftung.de\/wordpress\/werk\/skulptur\/","title":{"rendered":"Skulptur"},"content":{"rendered":"<section class=\"l-section wpb_row us_custom_d971738f height_medium\"><div class=\"l-section-h i-cf\"><div class=\"g-cols vc_row via_flex valign_top type_default stacking_default\"><div class=\"vc_col-sm-3 wpb_column vc_column_container\"><div class=\"vc_column-inner\"><div class=\"wpb_wrapper\"><div class=\"wpb_text_column\"><div class=\"wpb_wrapper\"><h4><a href=\"\/werk\/\">WERK<\/a> \/ SKULPTUR<\/h4>\n<\/div><\/div><\/div><\/div><\/div><div class=\"vc_col-sm-9 wpb_column vc_column_container\"><div class=\"vc_column-inner\"><div class=\"wpb_wrapper\"><div class=\"wpb_text_column\"><div class=\"wpb_wrapper\"><p>Es mag \u00fcberraschen, dass der <a href=\"\/wordpress\/index.php\/werk\/textil\/\">Textilgestalter<\/a>, <a href=\"\/wordpress\/index.php\/werk\/holzschnitt\/\">Holzschneider<\/a> und <a href=\"\/wordpress\/index.php\/werk\/oel\/\">Maler<\/a> Andreas Felger auch dreidimensional gearbeitet hat. Und doch lassen sich seine Skulpturen schl\u00fcssig aus dem zweidimensionalen Werk herleiten. Wer etwa heute die alten grafischen Druckst\u00f6cke aus Holz im Archiv Felgers betrachtet, erahnt in den markanten Linien und Graten die Geburt eines r\u00e4umlichen Zugangs zur Fl\u00e4che.<div class=\"bg-margin-for-link\"><input type='hidden' bg_collapse_expand='69f2fbb8eb6453007508489' value='69f2fbb8eb6453007508489'><input type='hidden' id='bg-show-more-text-69f2fbb8eb6453007508489' value='Weiterlesen...'><input type='hidden' id='bg-show-less-text-69f2fbb8eb6453007508489' value='weniger...'><div id='bg-showmore-hidden-69f2fbb8eb6453007508489' ><\/p>\n<p>Ende der 1970er Jahre entstehen erste farbstarke Holzreliefs, in denen die bildhafte Komposition noch dominiert, der Weg zu einer skulpturalen Auffassung der Einzelformen aber bereits deutlich hervortritt.<\/p>\n<p>In der Folge befreien sich die skulpturalen Formen von der Wand, stehen r\u00e4umlich f\u00fcr sich. Manche Skulpturen Felgers bleiben fl\u00e4chig, auch im Raum: Werke wie Fliehende (2008), Liegende (2003) oder Paar (2003) bestehen aus klar konturierten, in monochrome Farbkraft gekleideten Metallplatten. In Holzarbeiten dagegen verschmelzen geometrische Formen und Bedeutung zu einer schwebenden Einheit. Sogar in der Skulptur, gegen den Widerstand des Materials, erreicht Felger jene Leichtigkeit und Transzendenz, die seine Aquarelle charakterisieren.<\/p>\n<p>Zu seinem Repertoire geh\u00f6ren markante skulpturale Solit\u00e4re ebenso wie gro\u00dfformatige Skulpturenensembles. Inmitten eines denkmalgesch\u00fctzten Textilindustrie-Areals in M\u00f6ssingen stellt die <a href=\"\/wordpress\/index.php\/2018\/03\/12\/af_sklptr_013\/\">Pausa Skulptur<\/a> (2015) eine ikonische Raumform und zugleich ein Wahrzeichen des Orts dar, w\u00e4hrend 10 Gebote (2013) im Skulpturenpark Bad Sebastiansweiler eine Gruppe von zehn hieratischen Muschelkalk-Stelen in die umgebende Natur einbettet.<\/p>\n<p>Im Dreidimensionalen zeigt sich der K\u00fcnstler auch als Sammler. Sensibel f\u00fcr Oberfl\u00e4chenstrukturen, Materialqualit\u00e4ten und den Eigensinn von Naturformen, tr\u00e4gt er auf Wanderungen, Reisen und im Alltag Fundst\u00fccke zusammen, die oft ihren Weg in die Kunst finden.<\/div><\/div><a id='bg-showmore-action-69f2fbb8eb6453007508489' class='bg-showmore-plg-link bg-arrow '  style=\" color:#72777c;;\" href='#'>Weiterlesen...<\/a><\/p>\n<\/div><\/div><\/div><\/div><\/div><\/div><\/div><\/section><section class=\"l-section wpb_row us_custom_d984a24d height_small\"><div class=\"l-section-h i-cf\"><div class=\"g-cols vc_row via_flex valign_top type_default stacking_default\"><div class=\"vc_col-sm-12 wpb_column vc_column_container\"><div class=\"vc_column-inner\"><div class=\"wpb_wrapper\"><div class=\"w-grid us_grid type_masonry layout_6333 cols_4 preload_style_spinner with_isotope\" id=\"us_grid_1\" style=\"--columns:4;--gap:1.5rem;\" data-filterable=\"true\"><style>@media (max-width:1280px){#us_grid_1{--columns:3!important}}@media (max-width:1024px){#us_grid_1{--columns:2!important}}@media (max-width:600px){#us_grid_1{--columns:1!important}}.layout_6333 .w-grid-item-h{}.layout_6333 .usg_post_image_1{margin-bottom:1rem!important}.layout_6333 .usg_post_content_1{margin-top:0.5rem!important}<\/style><div class=\"w-grid-list\">\t<article class=\"w-grid-item size_1x1 post-2530 post type-post status-publish format-standard has-post-thumbnail hentry category-skulptur\" data-id=\"2530\">\r\n\t\t<div class=\"w-grid-item-h\">\r\n\t\t\t\t\t\t<div class=\"w-post-elm post_image usg_post_image_1 stretched\"><a href=\"https:\/\/www.af-kulturstiftung.de\/wordpress\/af_skulptur_001\/\" aria-label=\"AF_Skulptur_001\"><img loading=\"lazy\" decoding=\"async\" width=\"768\" height=\"512\" src=\"https:\/\/www.af-kulturstiftung.de\/wordpress\/wp-content\/uploads\/AF_Sklptr_001-768x512.jpg\" class=\"attachment-us_768_0 size-us_768_0 wp-post-image\" alt=\"\" srcset=\"https:\/\/www.af-kulturstiftung.de\/wordpress\/wp-content\/uploads\/AF_Sklptr_001-768x512.jpg 768w, https:\/\/www.af-kulturstiftung.de\/wordpress\/wp-content\/uploads\/AF_Sklptr_001-300x200.jpg 300w, https:\/\/www.af-kulturstiftung.de\/wordpress\/wp-content\/uploads\/AF_Sklptr_001-150x100.jpg 150w, https:\/\/www.af-kulturstiftung.de\/wordpress\/wp-content\/uploads\/AF_Sklptr_001.jpg 1000w\" sizes=\"auto, (max-width: 768px) 100vw, 768px\" \/><\/a><\/div><div class=\"w-post-elm post_content usg_post_content_1\"><p>Titel<br \/>\nJahr<br \/>\nTechnik<br \/>\nMa\u00dfe<\/p>\n<\/div>\t\t<\/div>\r\n\t\t\t<\/article>\r\n\t<article class=\"w-grid-item size_1x1 post-2537 post type-post status-publish format-standard has-post-thumbnail hentry category-skulptur\" data-id=\"2537\">\r\n\t\t<div class=\"w-grid-item-h\">\r\n\t\t\t\t\t\t<div class=\"w-post-elm post_image usg_post_image_1 stretched\"><a href=\"https:\/\/www.af-kulturstiftung.de\/wordpress\/af_skulptur_002\/\" aria-label=\"AF_Skulptur_002\"><img loading=\"lazy\" decoding=\"async\" width=\"768\" height=\"512\" src=\"https:\/\/www.af-kulturstiftung.de\/wordpress\/wp-content\/uploads\/AF_Sklptr_002-768x512.jpg\" class=\"attachment-us_768_0 size-us_768_0 wp-post-image\" alt=\"\" srcset=\"https:\/\/www.af-kulturstiftung.de\/wordpress\/wp-content\/uploads\/AF_Sklptr_002-768x512.jpg 768w, https:\/\/www.af-kulturstiftung.de\/wordpress\/wp-content\/uploads\/AF_Sklptr_002-300x200.jpg 300w, https:\/\/www.af-kulturstiftung.de\/wordpress\/wp-content\/uploads\/AF_Sklptr_002-150x100.jpg 150w, https:\/\/www.af-kulturstiftung.de\/wordpress\/wp-content\/uploads\/AF_Sklptr_002.jpg 1000w\" sizes=\"auto, (max-width: 768px) 100vw, 768px\" \/><\/a><\/div><div class=\"w-post-elm post_content usg_post_content_1\"><p>Titel<br \/>\nJahr<br \/>\nTechnik<br \/>\nMa\u00dfe<\/p>\n<\/div>\t\t<\/div>\r\n\t\t\t<\/article>\r\n\t<article class=\"w-grid-item size_1x1 post-2540 post type-post status-publish format-standard has-post-thumbnail hentry category-skulptur\" data-id=\"2540\">\r\n\t\t<div class=\"w-grid-item-h\">\r\n\t\t\t\t\t\t<div class=\"w-post-elm post_image usg_post_image_1 stretched\"><a href=\"https:\/\/www.af-kulturstiftung.de\/wordpress\/af_skulptur_003\/\" aria-label=\"AF_Skulptur_003\"><img loading=\"lazy\" decoding=\"async\" width=\"768\" height=\"1152\" src=\"https:\/\/www.af-kulturstiftung.de\/wordpress\/wp-content\/uploads\/AF_Sklptr_003-768x1152.jpg\" class=\"attachment-us_768_0 size-us_768_0 wp-post-image\" alt=\"\" srcset=\"https:\/\/www.af-kulturstiftung.de\/wordpress\/wp-content\/uploads\/AF_Sklptr_003-768x1152.jpg 768w, https:\/\/www.af-kulturstiftung.de\/wordpress\/wp-content\/uploads\/AF_Sklptr_003-200x300.jpg 200w, https:\/\/www.af-kulturstiftung.de\/wordpress\/wp-content\/uploads\/AF_Sklptr_003-683x1024.jpg 683w, https:\/\/www.af-kulturstiftung.de\/wordpress\/wp-content\/uploads\/AF_Sklptr_003-100x150.jpg 100w, https:\/\/www.af-kulturstiftung.de\/wordpress\/wp-content\/uploads\/AF_Sklptr_003.jpg 1000w\" sizes=\"auto, (max-width: 768px) 100vw, 768px\" \/><\/a><\/div><div class=\"w-post-elm post_content usg_post_content_1\"><p>Titel<br \/>\nJahr<br \/>\nTechnik<br \/>\nMa\u00dfe<\/p>\n<\/div>\t\t<\/div>\r\n\t\t\t<\/article>\r\n\t<article class=\"w-grid-item size_1x1 post-2542 post type-post status-publish format-standard has-post-thumbnail hentry category-skulptur\" data-id=\"2542\">\r\n\t\t<div class=\"w-grid-item-h\">\r\n\t\t\t\t\t\t<div class=\"w-post-elm post_image usg_post_image_1 stretched\"><a href=\"https:\/\/www.af-kulturstiftung.de\/wordpress\/af_skulptur_004\/\" aria-label=\"AF_Skulptur_004\"><img loading=\"lazy\" decoding=\"async\" width=\"768\" height=\"512\" src=\"https:\/\/www.af-kulturstiftung.de\/wordpress\/wp-content\/uploads\/Skulptur-4-1-768x512.jpg\" class=\"attachment-us_768_0 size-us_768_0 wp-post-image\" alt=\"\" srcset=\"https:\/\/www.af-kulturstiftung.de\/wordpress\/wp-content\/uploads\/Skulptur-4-1-768x512.jpg 768w, https:\/\/www.af-kulturstiftung.de\/wordpress\/wp-content\/uploads\/Skulptur-4-1-300x200.jpg 300w, https:\/\/www.af-kulturstiftung.de\/wordpress\/wp-content\/uploads\/Skulptur-4-1-1024x682.jpg 1024w, https:\/\/www.af-kulturstiftung.de\/wordpress\/wp-content\/uploads\/Skulptur-4-1-150x100.jpg 150w, https:\/\/www.af-kulturstiftung.de\/wordpress\/wp-content\/uploads\/Skulptur-4-1.jpg 1100w\" sizes=\"auto, (max-width: 768px) 100vw, 768px\" \/><\/a><\/div><div class=\"w-post-elm post_content usg_post_content_1\"><p>Titel<br \/>\nJahr<br \/>\nTechnik<br \/>\nMa\u00dfe<\/p>\n<\/div>\t\t<\/div>\r\n\t\t\t<\/article>\r\n\t<article class=\"w-grid-item size_1x1 post-2544 post type-post status-publish format-standard has-post-thumbnail hentry category-skulptur\" data-id=\"2544\">\r\n\t\t<div class=\"w-grid-item-h\">\r\n\t\t\t\t\t\t<div class=\"w-post-elm post_image usg_post_image_1 stretched\"><a href=\"https:\/\/www.af-kulturstiftung.de\/wordpress\/af_skulptur_005\/\" aria-label=\"AF_Skulptur_005\"><img loading=\"lazy\" decoding=\"async\" width=\"768\" height=\"1152\" src=\"https:\/\/www.af-kulturstiftung.de\/wordpress\/wp-content\/uploads\/Skulptur-1_Park_Sebastiansweiler_-2-Figuren_Stahl_Felger-768x1152.jpg\" class=\"attachment-us_768_0 size-us_768_0 wp-post-image\" alt=\"\" srcset=\"https:\/\/www.af-kulturstiftung.de\/wordpress\/wp-content\/uploads\/Skulptur-1_Park_Sebastiansweiler_-2-Figuren_Stahl_Felger-768x1152.jpg 768w, https:\/\/www.af-kulturstiftung.de\/wordpress\/wp-content\/uploads\/Skulptur-1_Park_Sebastiansweiler_-2-Figuren_Stahl_Felger-200x300.jpg 200w, https:\/\/www.af-kulturstiftung.de\/wordpress\/wp-content\/uploads\/Skulptur-1_Park_Sebastiansweiler_-2-Figuren_Stahl_Felger-683x1024.jpg 683w, https:\/\/www.af-kulturstiftung.de\/wordpress\/wp-content\/uploads\/Skulptur-1_Park_Sebastiansweiler_-2-Figuren_Stahl_Felger-100x150.jpg 100w, https:\/\/www.af-kulturstiftung.de\/wordpress\/wp-content\/uploads\/Skulptur-1_Park_Sebastiansweiler_-2-Figuren_Stahl_Felger.jpg 1000w\" sizes=\"auto, (max-width: 768px) 100vw, 768px\" \/><\/a><\/div><div class=\"w-post-elm post_content usg_post_content_1\"><p>Zwei Figuren<br \/>\nEntstehungsjahr<br \/>\nStahl<br \/>\nMa\u00dfe<\/p>\n<\/div>\t\t<\/div>\r\n\t\t\t<\/article>\r\n\t<article class=\"w-grid-item size_1x1 post-2546 post type-post status-publish format-standard has-post-thumbnail hentry category-skulptur\" data-id=\"2546\">\r\n\t\t<div class=\"w-grid-item-h\">\r\n\t\t\t\t\t\t<div class=\"w-post-elm post_image usg_post_image_1 stretched\"><a href=\"https:\/\/www.af-kulturstiftung.de\/wordpress\/af_skulptur_006\/\" aria-label=\"AF_Skulptur_006\"><img loading=\"lazy\" decoding=\"async\" width=\"768\" height=\"512\" src=\"https:\/\/www.af-kulturstiftung.de\/wordpress\/wp-content\/uploads\/Skulptur-2-768x512.jpg\" class=\"attachment-us_768_0 size-us_768_0 wp-post-image\" alt=\"\" srcset=\"https:\/\/www.af-kulturstiftung.de\/wordpress\/wp-content\/uploads\/Skulptur-2-768x512.jpg 768w, https:\/\/www.af-kulturstiftung.de\/wordpress\/wp-content\/uploads\/Skulptur-2-300x200.jpg 300w, https:\/\/www.af-kulturstiftung.de\/wordpress\/wp-content\/uploads\/Skulptur-2-1024x682.jpg 1024w, https:\/\/www.af-kulturstiftung.de\/wordpress\/wp-content\/uploads\/Skulptur-2-150x100.jpg 150w, https:\/\/www.af-kulturstiftung.de\/wordpress\/wp-content\/uploads\/Skulptur-2.jpg 1100w\" sizes=\"auto, (max-width: 768px) 100vw, 768px\" \/><\/a><\/div><div class=\"w-post-elm post_content usg_post_content_1\"><p>Titel<br \/>\nJahr<br \/>\nTechnik<br \/>\nMa\u00dfe<\/p>\n<\/div>\t\t<\/div>\r\n\t\t\t<\/article>\r\n\t<article class=\"w-grid-item size_1x1 post-2548 post type-post status-publish format-standard has-post-thumbnail hentry category-skulptur\" data-id=\"2548\">\r\n\t\t<div class=\"w-grid-item-h\">\r\n\t\t\t\t\t\t<div class=\"w-post-elm post_image usg_post_image_1 stretched\"><a href=\"https:\/\/www.af-kulturstiftung.de\/wordpress\/af_skulptur_007\/\" aria-label=\"AF_Skulptur_007\"><img loading=\"lazy\" decoding=\"async\" width=\"768\" height=\"1152\" src=\"https:\/\/www.af-kulturstiftung.de\/wordpress\/wp-content\/uploads\/Skulptur-3-768x1152.jpg\" class=\"attachment-us_768_0 size-us_768_0 wp-post-image\" alt=\"\" srcset=\"https:\/\/www.af-kulturstiftung.de\/wordpress\/wp-content\/uploads\/Skulptur-3-768x1152.jpg 768w, https:\/\/www.af-kulturstiftung.de\/wordpress\/wp-content\/uploads\/Skulptur-3-200x300.jpg 200w, https:\/\/www.af-kulturstiftung.de\/wordpress\/wp-content\/uploads\/Skulptur-3-683x1024.jpg 683w, https:\/\/www.af-kulturstiftung.de\/wordpress\/wp-content\/uploads\/Skulptur-3-100x150.jpg 100w, https:\/\/www.af-kulturstiftung.de\/wordpress\/wp-content\/uploads\/Skulptur-3.jpg 1000w\" sizes=\"auto, (max-width: 768px) 100vw, 768px\" \/><\/a><\/div><div class=\"w-post-elm post_content usg_post_content_1\"><p>Titel<br \/>\nJahr<br \/>\nTechnik<br \/>\nMa\u00dfe<\/p>\n<\/div>\t\t<\/div>\r\n\t\t\t<\/article>\r\n\t<article class=\"w-grid-item size_1x1 post-2550 post type-post status-publish format-standard hentry category-skulptur\" data-id=\"2550\">\r\n\t\t<div class=\"w-grid-item-h\">\r\n\t\t\t\t\t\t<div class=\"w-post-elm post_content usg_post_content_1\"><p>Titel<br \/>\nJahr<br \/>\nTechnik<br \/>\nMa\u00dfe<\/p>\n<\/div>\t\t<\/div>\r\n\t\t\t<\/article>\r\n\t<article class=\"w-grid-item size_1x1 post-2552 post type-post status-publish format-standard has-post-thumbnail hentry category-skulptur\" data-id=\"2552\">\r\n\t\t<div class=\"w-grid-item-h\">\r\n\t\t\t\t\t\t<div class=\"w-post-elm post_image usg_post_image_1 stretched\"><a href=\"https:\/\/www.af-kulturstiftung.de\/wordpress\/af_skulptur_009\/\" aria-label=\"AF_Skulptur_009\"><img loading=\"lazy\" decoding=\"async\" width=\"768\" height=\"1152\" src=\"https:\/\/www.af-kulturstiftung.de\/wordpress\/wp-content\/uploads\/Skulptur-5_Gnadenthal_3-Granitsaeulen_Felger-768x1152.jpg\" class=\"attachment-us_768_0 size-us_768_0 wp-post-image\" alt=\"\" srcset=\"https:\/\/www.af-kulturstiftung.de\/wordpress\/wp-content\/uploads\/Skulptur-5_Gnadenthal_3-Granitsaeulen_Felger-768x1152.jpg 768w, https:\/\/www.af-kulturstiftung.de\/wordpress\/wp-content\/uploads\/Skulptur-5_Gnadenthal_3-Granitsaeulen_Felger-200x300.jpg 200w, https:\/\/www.af-kulturstiftung.de\/wordpress\/wp-content\/uploads\/Skulptur-5_Gnadenthal_3-Granitsaeulen_Felger-683x1024.jpg 683w, https:\/\/www.af-kulturstiftung.de\/wordpress\/wp-content\/uploads\/Skulptur-5_Gnadenthal_3-Granitsaeulen_Felger-100x150.jpg 100w, https:\/\/www.af-kulturstiftung.de\/wordpress\/wp-content\/uploads\/Skulptur-5_Gnadenthal_3-Granitsaeulen_Felger.jpg 1000w\" sizes=\"auto, (max-width: 768px) 100vw, 768px\" \/><\/a><\/div><div class=\"w-post-elm post_content usg_post_content_1\"><p>Titel<br \/>\nJahr<br \/>\nTechnik<br \/>\nMa\u00dfe<\/p>\n<\/div>\t\t<\/div>\r\n\t\t\t<\/article>\r\n\t<article class=\"w-grid-item size_1x1 post-2554 post type-post status-publish format-standard has-post-thumbnail hentry category-skulptur\" data-id=\"2554\">\r\n\t\t<div class=\"w-grid-item-h\">\r\n\t\t\t\t\t\t<div class=\"w-post-elm post_image usg_post_image_1 stretched\"><a href=\"https:\/\/www.af-kulturstiftung.de\/wordpress\/af_skulptur_010\/\" aria-label=\"AF_Skulptur_010\"><img loading=\"lazy\" decoding=\"async\" width=\"768\" height=\"1152\" src=\"https:\/\/www.af-kulturstiftung.de\/wordpress\/wp-content\/uploads\/Skulptur-7-768x1152.jpg\" class=\"attachment-us_768_0 size-us_768_0 wp-post-image\" alt=\"\" srcset=\"https:\/\/www.af-kulturstiftung.de\/wordpress\/wp-content\/uploads\/Skulptur-7-768x1152.jpg 768w, https:\/\/www.af-kulturstiftung.de\/wordpress\/wp-content\/uploads\/Skulptur-7-200x300.jpg 200w, https:\/\/www.af-kulturstiftung.de\/wordpress\/wp-content\/uploads\/Skulptur-7-683x1024.jpg 683w, https:\/\/www.af-kulturstiftung.de\/wordpress\/wp-content\/uploads\/Skulptur-7-100x150.jpg 100w, https:\/\/www.af-kulturstiftung.de\/wordpress\/wp-content\/uploads\/Skulptur-7.jpg 1000w\" sizes=\"auto, (max-width: 768px) 100vw, 768px\" \/><\/a><\/div><div class=\"w-post-elm post_content usg_post_content_1\"><p>Titel<br \/>\nJahr<br \/>\nTechnik<br \/>\nMa\u00dfe<\/p>\n<\/div>\t\t<\/div>\r\n\t\t\t<\/article>\r\n\t<article class=\"w-grid-item size_1x1 post-2557 post type-post status-publish format-standard has-post-thumbnail hentry category-skulptur\" data-id=\"2557\">\r\n\t\t<div class=\"w-grid-item-h\">\r\n\t\t\t\t\t\t<div class=\"w-post-elm post_image usg_post_image_1 stretched\"><a href=\"https:\/\/www.af-kulturstiftung.de\/wordpress\/af_skulptur_011\/\" aria-label=\"AF_Skulptur_011\"><img loading=\"lazy\" decoding=\"async\" width=\"768\" height=\"1152\" src=\"https:\/\/www.af-kulturstiftung.de\/wordpress\/wp-content\/uploads\/Skulptur-8-768x1152.jpg\" class=\"attachment-us_768_0 size-us_768_0 wp-post-image\" alt=\"\" srcset=\"https:\/\/www.af-kulturstiftung.de\/wordpress\/wp-content\/uploads\/Skulptur-8-768x1152.jpg 768w, https:\/\/www.af-kulturstiftung.de\/wordpress\/wp-content\/uploads\/Skulptur-8-200x300.jpg 200w, https:\/\/www.af-kulturstiftung.de\/wordpress\/wp-content\/uploads\/Skulptur-8-683x1024.jpg 683w, https:\/\/www.af-kulturstiftung.de\/wordpress\/wp-content\/uploads\/Skulptur-8-100x150.jpg 100w, https:\/\/www.af-kulturstiftung.de\/wordpress\/wp-content\/uploads\/Skulptur-8.jpg 1100w\" sizes=\"auto, (max-width: 768px) 100vw, 768px\" \/><\/a><\/div><div class=\"w-post-elm post_content usg_post_content_1\"><p>Titel<br \/>\nJahr<br \/>\nTechnik<br \/>\nMa\u00dfe<\/p>\n<\/div>\t\t<\/div>\r\n\t\t\t<\/article>\r\n\t<article class=\"w-grid-item size_1x1 post-2559 post type-post status-publish format-standard has-post-thumbnail hentry category-skulptur\" data-id=\"2559\">\r\n\t\t<div class=\"w-grid-item-h\">\r\n\t\t\t\t\t\t<div class=\"w-post-elm post_image usg_post_image_1 stretched\"><a href=\"https:\/\/www.af-kulturstiftung.de\/wordpress\/af_skulptur_012\/\" aria-label=\"AF_Skulptur_012\"><img loading=\"lazy\" decoding=\"async\" width=\"768\" height=\"1152\" src=\"https:\/\/www.af-kulturstiftung.de\/wordpress\/wp-content\/uploads\/Skulptur-9-768x1152.jpg\" class=\"attachment-us_768_0 size-us_768_0 wp-post-image\" alt=\"\" srcset=\"https:\/\/www.af-kulturstiftung.de\/wordpress\/wp-content\/uploads\/Skulptur-9-768x1152.jpg 768w, https:\/\/www.af-kulturstiftung.de\/wordpress\/wp-content\/uploads\/Skulptur-9-200x300.jpg 200w, https:\/\/www.af-kulturstiftung.de\/wordpress\/wp-content\/uploads\/Skulptur-9-683x1024.jpg 683w, https:\/\/www.af-kulturstiftung.de\/wordpress\/wp-content\/uploads\/Skulptur-9-100x150.jpg 100w, https:\/\/www.af-kulturstiftung.de\/wordpress\/wp-content\/uploads\/Skulptur-9.jpg 1100w\" sizes=\"auto, (max-width: 768px) 100vw, 768px\" \/><\/a><\/div><div class=\"w-post-elm post_content usg_post_content_1\"><p>Titel<br \/>\nJahr<br \/>\nTechnik<br \/>\nMa\u00dfe<\/p>\n<\/div>\t\t<\/div>\r\n\t\t\t<\/article>\r\n\t<article class=\"w-grid-item size_1x1 post-2583 post type-post status-publish format-standard has-post-thumbnail hentry category-skulptur\" data-id=\"2583\">\r\n\t\t<div class=\"w-grid-item-h\">\r\n\t\t\t\t\t\t<div class=\"w-post-elm post_image usg_post_image_1 stretched\"><a href=\"https:\/\/www.af-kulturstiftung.de\/wordpress\/af_skulptur_013\/\" aria-label=\"AF_Skulptur_013\"><img loading=\"lazy\" decoding=\"async\" width=\"768\" height=\"1090\" src=\"https:\/\/www.af-kulturstiftung.de\/wordpress\/wp-content\/uploads\/AF_Sklptr_014-768x1090.jpg\" class=\"attachment-us_768_0 size-us_768_0 wp-post-image\" alt=\"\" srcset=\"https:\/\/www.af-kulturstiftung.de\/wordpress\/wp-content\/uploads\/AF_Sklptr_014-768x1090.jpg 768w, https:\/\/www.af-kulturstiftung.de\/wordpress\/wp-content\/uploads\/AF_Sklptr_014-211x300.jpg 211w, https:\/\/www.af-kulturstiftung.de\/wordpress\/wp-content\/uploads\/AF_Sklptr_014-722x1024.jpg 722w, https:\/\/www.af-kulturstiftung.de\/wordpress\/wp-content\/uploads\/AF_Sklptr_014-106x150.jpg 106w, https:\/\/www.af-kulturstiftung.de\/wordpress\/wp-content\/uploads\/AF_Sklptr_014.jpg 800w\" sizes=\"auto, (max-width: 768px) 100vw, 768px\" \/><\/a><\/div><div class=\"w-post-elm post_content usg_post_content_1\"><p>PAUSA Skulptur<br \/>\n2015<br \/>\nHolz, blau lackiert<br \/>\n350 x 110 x 24 cm<\/p>\n<\/div>\t\t<\/div>\r\n\t\t\t<\/article>\r\n<\/div>\t<div class=\"w-grid-preloader\">\r\n\t\t<div class=\"g-preloader type_1\">\r\n\t\t\t<div><\/div>\r\n\t\t<\/div>\r\n\t<\/div>\r\n\t\t<div class=\"w-grid-json hidden\" onclick='return {&quot;action&quot;:&quot;us_ajax_grid&quot;,&quot;infinite_scroll&quot;:0,&quot;max_num_pages&quot;:1,&quot;pagination&quot;:&quot;none&quot;,&quot;template_vars&quot;:{&quot;columns&quot;:&quot;4&quot;,&quot;exclude_items&quot;:&quot;none&quot;,&quot;img_size&quot;:&quot;us_768_0&quot;,&quot;ignore_items_size&quot;:0,&quot;items_layout&quot;:&quot;6333&quot;,&quot;items_offset&quot;:&quot;1&quot;,&quot;load_animation&quot;:&quot;none&quot;,&quot;overriding_link&quot;:&quot;{\\&quot;url\\&quot;:\\&quot;\\&quot;}&quot;,&quot;post_id&quot;:0,&quot;query_args&quot;:{&quot;post_type&quot;:[&quot;post&quot;],&quot;tax_query&quot;:[{&quot;taxonomy&quot;:&quot;category&quot;,&quot;field&quot;:&quot;slug&quot;,&quot;terms&quot;:[&quot;skulptur&quot;]}],&quot;post_status&quot;:[&quot;publish&quot;],&quot;posts_per_page&quot;:&quot;50&quot;},&quot;orderby_query_args&quot;:{&quot;orderby&quot;:{&quot;date&quot;:&quot;ASC&quot;}},&quot;type&quot;:&quot;masonry&quot;,&quot;us_grid_post_type&quot;:&quot;post&quot;,&quot;us_grid_ajax_index&quot;:1,&quot;us_grid_filter_query_string&quot;:null,&quot;us_grid_index&quot;:1,&quot;page_args&quot;:[]}}'><\/div>\r\n\t<\/div><\/div><\/div><\/div><\/div><\/div><\/section>\n","protected":false},"excerpt":{"rendered":"WERK \/ SKULPTUR Andreas Felger, PAUSA Skulptur, 2015Holz, blau lackiert, 350 x 110 x 24 cm \u00a9 AFKS Andreas Felger, PAUSA Skulptur, 2015Holz, blau lackiert, 350 x 110 x 24 cm \u00a9 AFKSAndreas Felger, PAUSA Skulptur (Detail), 2015Holz, blau lackiert, 350 x 110 x 24 cm \u00a9 AFKSAndreas Felger, Pausa Skulptur, 2015Holz, blau lackiert, 350...","protected":false},"author":4,"featured_media":0,"parent":1793,"menu_order":0,"comment_status":"closed","ping_status":"closed","template":"","meta":{"h5ap_radio_sources":[],"footnotes":""},"class_list":["post-1405","page","type-page","status-publish","hentry"],"_links":{"self":[{"href":"https:\/\/www.af-kulturstiftung.de\/wordpress\/wp-json\/wp\/v2\/pages\/1405","targetHints":{"allow":["GET"]}}],"collection":[{"href":"https:\/\/www.af-kulturstiftung.de\/wordpress\/wp-json\/wp\/v2\/pages"}],"about":[{"href":"https:\/\/www.af-kulturstiftung.de\/wordpress\/wp-json\/wp\/v2\/types\/page"}],"author":[{"embeddable":true,"href":"https:\/\/www.af-kulturstiftung.de\/wordpress\/wp-json\/wp\/v2\/users\/4"}],"replies":[{"embeddable":true,"href":"https:\/\/www.af-kulturstiftung.de\/wordpress\/wp-json\/wp\/v2\/comments?post=1405"}],"version-history":[{"count":0,"href":"https:\/\/www.af-kulturstiftung.de\/wordpress\/wp-json\/wp\/v2\/pages\/1405\/revisions"}],"up":[{"embeddable":true,"href":"https:\/\/www.af-kulturstiftung.de\/wordpress\/wp-json\/wp\/v2\/pages\/1793"}],"wp:attachment":[{"href":"https:\/\/www.af-kulturstiftung.de\/wordpress\/wp-json\/wp\/v2\/media?parent=1405"}],"curies":[{"name":"wp","href":"https:\/\/api.w.org\/{rel}","templated":true}]}}