{"id":13941,"date":"2023-05-29T14:06:30","date_gmt":"2023-05-29T12:06:30","guid":{"rendered":"https:\/\/www1.af-kulturstiftung.de\/online-exhibitions\/zeitsprung\/"},"modified":"2023-07-27T20:48:45","modified_gmt":"2023-07-27T18:48:45","slug":"leap-in-time","status":"publish","type":"page","link":"https:\/\/www.af-kulturstiftung.de\/wordpress\/en\/online-exhibitions\/leap-in-time\/","title":{"rendered":"Leap in time"},"content":{"rendered":"<section class=\"l-section wpb_row us_custom_d971738f height_medium\"><div class=\"l-section-h i-cf\"><div class=\"g-cols vc_row via_flex valign_top type_default stacking_default\"><div class=\"vc_col-sm-3 wpb_column vc_column_container\"><div class=\"vc_column-inner\"><div class=\"wpb_wrapper\"><div class=\"wpb_text_column\"><div class=\"wpb_wrapper\"><h4><a href=\"\/en\/online-exhibitions\/\">ONLINE EXHIBITIONS<\/a><br \/>\nLEAP IN TIME<\/h4>\n<\/div><\/div><\/div><\/div><\/div><div class=\"vc_col-sm-9 wpb_column vc_column_container\"><div class=\"vc_column-inner\"><div class=\"wpb_wrapper\"><div class=\"wpb_text_column\"><div class=\"wpb_wrapper\"><p>In preparing the exhibition LIFELINES. Andreas Felger&#8217;s sketches in the context of his art (2021 at PAUSA in M\u00f6ssingen), a wealth of sheets that had been hidden for decades came to light, opening up a new, often surprising view also of the oeuvre as a whole. The exhibition took the viewers on a largely chronological journey through the art of the 2nd half of the 20th century up to the present day.<div class=\"bg-margin-for-link\"><input type='hidden' bg_collapse_expand='69f5f70e5481f3042732549' value='69f5f70e5481f3042732549'><input type='hidden' id='bg-show-more-text-69f5f70e5481f3042732549' value='Continue reading \u2026'><input type='hidden' id='bg-show-less-text-69f5f70e5481f3042732549' value='less \u2026'><div id='bg-showmore-hidden-69f5f70e5481f3042732549' ><\/p>\n<p>Die Online-Galerie ZEITSPRUNG nutzt eine der Entdeckungen dieser Reise, die kaum handtellergro\u00dfen Tinten-Zeichnungen auf Papier aus den fr\u00fchen 1960er Jahren, um sie \u2013 60 Jahre \u00fcberspringend \u2013 aktuellen Acryl-Bildern von 2023 gegen\u00fcberzustellen. Erstere entstanden wenige Jahre nach Felgers Studium an der M\u00fcnchener Akademie und zeugen von seiner ebenso akribisch wie phantasievoll durchgef\u00fchrten Zeichenkunst. Vom Surrealismus inspiriert changieren die Figurationen zwischen Pflanzen, Tieren und Wesen, die keine Namen tragen. Auch die \u00dcberg\u00e4nge zu Landschaft, Architektur, Objekt und mechanischer Apparatur entziehen sich der Bezeichnung und bilden eine eigene Welt, die vor allem von der Variationsbreite der Linien, der Freiheit der Assoziationen und dem Spiel mit den Blattgrenzen lebt. Die Bl\u00e4tter bezeugen bei aller gegenst\u00e4ndlich anmutenden Plastizit\u00e4t der Formen zugleich das Vergn\u00fcgen am Experimentieren mit dem Material, dessen Bildwerdung der K\u00fcnstler aus dem Herstellungsprozess entwickelte und der Betrachter noch heute nachvollziehen kann, wenn er sich mit den Augen im feinen Gewebe der Linien verstrickt.<\/p>\n<p>Gut 60 Jahre sp\u00e4ter hat sich das Verh\u00e4ltnis von Material und Form, von Abstraktion und Figuration umgekehrt: Waren die fr\u00fchen Arbeiten Figurationen, die allerorten ins Ungegenst\u00e4ndliche, zumindest Undefinierbare dr\u00e4ngten, vertraut Andreas Felger in den aktuellen Werken vor allem auf das Material als solches und erprobt seine M\u00f6glichkeiten. Rinnende Farben, durchscheinende Fl\u00e4chen, Flecken mit Rahmungen, die sich wie abstrahierte Bl\u00e4tter von B\u00e4umen im Bildraum zu bewegen scheinen, lassen den Beschauer schwanken zwischen dem Blick auf die Eigendynamik und Sch\u00f6nheit des Farbmaterials und zugleich auf die Assoziationsspielr\u00e4ume, die vor allem an Naturph\u00e4nomene denken lassen, unter Wasser lebende Kreaturen, Spinnennetze, pflanzliche Strukturen, Wolkenkonstellationen \u2026 In beiden Werkgruppen zeigt sich ein Kosmos belebter Strukturen, in dem die Expressivit\u00e4t des Materials und die Suggestivit\u00e4t der Formgebung zu einem Dritten verbunden werden, das uns Andreas Felgers Bildsprache auch nach sechs Jahrzehnten wiedererkennen l\u00e4sst.<\/p>\n<p><\/div><\/div><a id='bg-showmore-action-69f5f70e5481f3042732549' class='bg-showmore-plg-link bg-arrow '  style=\" color:#72777c;;\" href='#'>Continue reading \u2026<\/a><\/p>\n<\/div><\/div><\/div><\/div><\/div><\/div><\/div><\/section><section class=\"l-section wpb_row us_custom_d984a24d height_small\"><div class=\"l-section-h i-cf\"><div class=\"g-cols vc_row via_flex valign_top type_default stacking_default\"><div class=\"vc_col-sm-12 wpb_column vc_column_container\"><div class=\"vc_column-inner\"><div class=\"wpb_wrapper\"><div class=\"w-grid us_grid type_grid layout_6333 cols_4 preload_style_spinner\" id=\"us_grid_1\" style=\"--columns:4;--gap:1.5rem;\" data-filterable=\"true\"><style>@media (max-width:1280px){#us_grid_1{--columns:3!important}}@media (max-width:1024px){#us_grid_1{--columns:2!important}}@media (max-width:600px){#us_grid_1{--columns:1!important}}.layout_6333 .w-grid-item-h{}.layout_6333 .usg_post_image_1{margin-bottom:1rem!important}.layout_6333 .usg_post_content_1{margin-top:0.5rem!important}<\/style><div class=\"w-grid-list\">\t<article class=\"w-grid-item size_1x1 post-13926 post type-post status-publish format-standard has-post-thumbnail hentry category-leap-in-time category-zeitsprung\" data-id=\"13926\">\r\n\t\t<div class=\"w-grid-item-h\">\r\n\t\t\t\t\t\t<div class=\"w-post-elm post_image usg_post_image_1 stretched\"><a href=\"https:\/\/www.af-kulturstiftung.de\/wordpress\/en\/af_ac_23_0002\/\" aria-label=\"AF_AC_23_0002\"><img loading=\"lazy\" decoding=\"async\" width=\"768\" height=\"597\" src=\"https:\/\/www.af-kulturstiftung.de\/wordpress\/wp-content\/uploads\/AF_AC_23_0002-1-768x597.jpg\" class=\"attachment-us_768_0 size-us_768_0 wp-post-image\" alt=\"\" srcset=\"https:\/\/www.af-kulturstiftung.de\/wordpress\/wp-content\/uploads\/AF_AC_23_0002-1-768x597.jpg 768w, https:\/\/www.af-kulturstiftung.de\/wordpress\/wp-content\/uploads\/AF_AC_23_0002-1-300x233.jpg 300w, https:\/\/www.af-kulturstiftung.de\/wordpress\/wp-content\/uploads\/AF_AC_23_0002-1-1024x797.jpg 1024w, https:\/\/www.af-kulturstiftung.de\/wordpress\/wp-content\/uploads\/AF_AC_23_0002-1-150x117.jpg 150w\" sizes=\"auto, (max-width: 768px) 100vw, 768px\" \/><\/a><\/div><div class=\"w-post-elm post_content usg_post_content_1\"><p>untitled<br \/>\n2023<br \/>\nAcrylic on paper<br \/>\n52 x 67 cm<\/p>\n<\/div>\t\t<\/div>\r\n\t\t\t<\/article>\r\n\t<article class=\"w-grid-item size_1x1 post-13951 post type-post status-publish format-standard has-post-thumbnail hentry category-leap-in-time category-zeitsprung\" data-id=\"13951\">\r\n\t\t<div class=\"w-grid-item-h\">\r\n\t\t\t\t\t\t<div class=\"w-post-elm post_image usg_post_image_1 stretched\"><a href=\"https:\/\/www.af-kulturstiftung.de\/wordpress\/en\/af_ac_23_0006\/\" aria-label=\"AF_AC_23_0006\"><img loading=\"lazy\" decoding=\"async\" width=\"768\" height=\"1072\" src=\"https:\/\/www.af-kulturstiftung.de\/wordpress\/wp-content\/uploads\/AF_AC_23_0006-768x1072.jpg\" class=\"attachment-us_768_0 size-us_768_0 wp-post-image\" alt=\"\" srcset=\"https:\/\/www.af-kulturstiftung.de\/wordpress\/wp-content\/uploads\/AF_AC_23_0006-768x1072.jpg 768w, https:\/\/www.af-kulturstiftung.de\/wordpress\/wp-content\/uploads\/AF_AC_23_0006-215x300.jpg 215w, https:\/\/www.af-kulturstiftung.de\/wordpress\/wp-content\/uploads\/AF_AC_23_0006-734x1024.jpg 734w, https:\/\/www.af-kulturstiftung.de\/wordpress\/wp-content\/uploads\/AF_AC_23_0006-107x150.jpg 107w, https:\/\/www.af-kulturstiftung.de\/wordpress\/wp-content\/uploads\/AF_AC_23_0006-scaled.jpg 1834w\" sizes=\"auto, (max-width: 768px) 100vw, 768px\" \/><\/a><\/div><div class=\"w-post-elm post_content usg_post_content_1\"><p>untitled<br \/>\n2023<br \/>\nAcrylic on paper<br \/>\n79,5 x 57,5 cm<\/p>\n<\/div>\t\t<\/div>\r\n\t\t\t<\/article>\r\n\t<article class=\"w-grid-item size_1x1 post-13967 post type-post status-publish format-standard has-post-thumbnail hentry category-leap-in-time category-zeitsprung\" data-id=\"13967\">\r\n\t\t<div class=\"w-grid-item-h\">\r\n\t\t\t\t\t\t<div class=\"w-post-elm post_image usg_post_image_1 stretched\"><a href=\"https:\/\/www.af-kulturstiftung.de\/wordpress\/en\/af_ac_23_0005\/\" aria-label=\"AF_AC_23_0005\"><img loading=\"lazy\" decoding=\"async\" width=\"768\" height=\"541\" src=\"https:\/\/www.af-kulturstiftung.de\/wordpress\/wp-content\/uploads\/AF_AC_23_0005-1-768x541.jpg\" class=\"attachment-us_768_0 size-us_768_0 wp-post-image\" alt=\"\" srcset=\"https:\/\/www.af-kulturstiftung.de\/wordpress\/wp-content\/uploads\/AF_AC_23_0005-1-768x541.jpg 768w, https:\/\/www.af-kulturstiftung.de\/wordpress\/wp-content\/uploads\/AF_AC_23_0005-1-300x211.jpg 300w, https:\/\/www.af-kulturstiftung.de\/wordpress\/wp-content\/uploads\/AF_AC_23_0005-1-1024x721.jpg 1024w, https:\/\/www.af-kulturstiftung.de\/wordpress\/wp-content\/uploads\/AF_AC_23_0005-1-150x106.jpg 150w\" sizes=\"auto, (max-width: 768px) 100vw, 768px\" \/><\/a><\/div><div class=\"w-post-elm post_content usg_post_content_1\"><p>untitled<br \/>\n2023<br \/>\nAcrylic on paper<br \/>\n58 x 79,5 cm<\/p>\n<\/div>\t\t<\/div>\r\n\t\t\t<\/article>\r\n\t<article class=\"w-grid-item size_1x1 post-14265 post type-post status-publish format-standard has-post-thumbnail hentry category-leap-in-time category-zeitsprung\" data-id=\"14265\">\r\n\t\t<div class=\"w-grid-item-h\">\r\n\t\t\t\t\t\t<div class=\"w-post-elm post_image usg_post_image_1 stretched\"><a href=\"https:\/\/www.af-kulturstiftung.de\/wordpress\/en\/af_ac_23_0008\/\" aria-label=\"AF_AC_23_0008\"><img loading=\"lazy\" decoding=\"async\" width=\"768\" height=\"1074\" src=\"https:\/\/www.af-kulturstiftung.de\/wordpress\/wp-content\/uploads\/AF_AC_23_0008-768x1074.jpg\" class=\"attachment-us_768_0 size-us_768_0 wp-post-image\" alt=\"\" srcset=\"https:\/\/www.af-kulturstiftung.de\/wordpress\/wp-content\/uploads\/AF_AC_23_0008-768x1074.jpg 768w, https:\/\/www.af-kulturstiftung.de\/wordpress\/wp-content\/uploads\/AF_AC_23_0008-215x300.jpg 215w, https:\/\/www.af-kulturstiftung.de\/wordpress\/wp-content\/uploads\/AF_AC_23_0008-733x1024.jpg 733w, https:\/\/www.af-kulturstiftung.de\/wordpress\/wp-content\/uploads\/AF_AC_23_0008-107x150.jpg 107w, https:\/\/www.af-kulturstiftung.de\/wordpress\/wp-content\/uploads\/AF_AC_23_0008-scaled.jpg 1831w\" sizes=\"auto, (max-width: 768px) 100vw, 768px\" \/><\/a><\/div><div class=\"w-post-elm post_content usg_post_content_1\"><p>untitled<br \/>\n2023<br \/>\nAcrylic on paper<br \/>\n56 x 78,5 cm<\/p>\n<\/div>\t\t<\/div>\r\n\t\t\t<\/article>\r\n\t<article class=\"w-grid-item size_1x1 post-14263 post type-post status-publish format-standard has-post-thumbnail hentry category-leap-in-time category-zeitsprung\" data-id=\"14263\">\r\n\t\t<div class=\"w-grid-item-h\">\r\n\t\t\t\t\t\t<div class=\"w-post-elm post_image usg_post_image_1 stretched\"><a href=\"https:\/\/www.af-kulturstiftung.de\/wordpress\/en\/af_ze_61_0010\/\" aria-label=\"AF_ZE_61_0010\"><img loading=\"lazy\" decoding=\"async\" width=\"768\" height=\"461\" src=\"https:\/\/www.af-kulturstiftung.de\/wordpress\/wp-content\/uploads\/AF_ZE_61_0010-768x461.jpg\" class=\"attachment-us_768_0 size-us_768_0 wp-post-image\" alt=\"\" srcset=\"https:\/\/www.af-kulturstiftung.de\/wordpress\/wp-content\/uploads\/AF_ZE_61_0010-768x461.jpg 768w, https:\/\/www.af-kulturstiftung.de\/wordpress\/wp-content\/uploads\/AF_ZE_61_0010-300x180.jpg 300w, https:\/\/www.af-kulturstiftung.de\/wordpress\/wp-content\/uploads\/AF_ZE_61_0010-1024x615.jpg 1024w, https:\/\/www.af-kulturstiftung.de\/wordpress\/wp-content\/uploads\/AF_ZE_61_0010-150x90.jpg 150w\" sizes=\"auto, (max-width: 768px) 100vw, 768px\" \/><\/a><\/div><div class=\"w-post-elm post_content usg_post_content_1\"><p>untitled<br \/>\n1961<br \/>\nInk with pen on paper<br \/>\n8 x 13 cm<\/p>\n<\/div>\t\t<\/div>\r\n\t\t\t<\/article>\r\n\t<article class=\"w-grid-item size_1x1 post-14261 post type-post status-publish format-standard has-post-thumbnail hentry category-leap-in-time category-zeitsprung\" data-id=\"14261\">\r\n\t\t<div class=\"w-grid-item-h\">\r\n\t\t\t\t\t\t<div class=\"w-post-elm post_image usg_post_image_1 stretched\"><a href=\"https:\/\/www.af-kulturstiftung.de\/wordpress\/en\/af_ze_61_0008\/\" aria-label=\"AF_ZE_61_0008\"><img loading=\"lazy\" decoding=\"async\" width=\"768\" height=\"467\" src=\"https:\/\/www.af-kulturstiftung.de\/wordpress\/wp-content\/uploads\/AF_ZE_61_0008-768x467.jpg\" class=\"attachment-us_768_0 size-us_768_0 wp-post-image\" alt=\"\" srcset=\"https:\/\/www.af-kulturstiftung.de\/wordpress\/wp-content\/uploads\/AF_ZE_61_0008-768x467.jpg 768w, https:\/\/www.af-kulturstiftung.de\/wordpress\/wp-content\/uploads\/AF_ZE_61_0008-300x182.jpg 300w, https:\/\/www.af-kulturstiftung.de\/wordpress\/wp-content\/uploads\/AF_ZE_61_0008-1024x623.jpg 1024w, https:\/\/www.af-kulturstiftung.de\/wordpress\/wp-content\/uploads\/AF_ZE_61_0008-150x91.jpg 150w\" sizes=\"auto, (max-width: 768px) 100vw, 768px\" \/><\/a><\/div><div class=\"w-post-elm post_content usg_post_content_1\"><p>untitled<br \/>\n1961<br \/>\nInk with pen on paper<br \/>\n8 x 13 cm<\/p>\n<\/div>\t\t<\/div>\r\n\t\t\t<\/article>\r\n\t<article class=\"w-grid-item size_1x1 post-14259 post type-post status-publish format-standard has-post-thumbnail hentry category-leap-in-time category-zeitsprung\" data-id=\"14259\">\r\n\t\t<div class=\"w-grid-item-h\">\r\n\t\t\t\t\t\t<div class=\"w-post-elm post_image usg_post_image_1 stretched\"><a href=\"https:\/\/www.af-kulturstiftung.de\/wordpress\/en\/af_ze_61_0006\/\" aria-label=\"AF_ZE_61_0006\"><img loading=\"lazy\" decoding=\"async\" width=\"768\" height=\"456\" src=\"https:\/\/www.af-kulturstiftung.de\/wordpress\/wp-content\/uploads\/AF_ZE_61_0006-768x456.jpg\" class=\"attachment-us_768_0 size-us_768_0 wp-post-image\" alt=\"\" srcset=\"https:\/\/www.af-kulturstiftung.de\/wordpress\/wp-content\/uploads\/AF_ZE_61_0006-768x456.jpg 768w, https:\/\/www.af-kulturstiftung.de\/wordpress\/wp-content\/uploads\/AF_ZE_61_0006-300x178.jpg 300w, https:\/\/www.af-kulturstiftung.de\/wordpress\/wp-content\/uploads\/AF_ZE_61_0006-1024x608.jpg 1024w, https:\/\/www.af-kulturstiftung.de\/wordpress\/wp-content\/uploads\/AF_ZE_61_0006-150x89.jpg 150w\" sizes=\"auto, (max-width: 768px) 100vw, 768px\" \/><\/a><\/div><div class=\"w-post-elm post_content usg_post_content_1\"><p>untitled<br \/>\n1961<br \/>\nInk with pen on paper<br \/>\n8 x 13 cm<\/p>\n<\/div>\t\t<\/div>\r\n\t\t\t<\/article>\r\n\t<article class=\"w-grid-item size_1x1 post-14256 post type-post status-publish format-standard has-post-thumbnail hentry category-leap-in-time category-zeitsprung\" data-id=\"14256\">\r\n\t\t<div class=\"w-grid-item-h\">\r\n\t\t\t\t\t\t<div class=\"w-post-elm post_image usg_post_image_1 stretched\"><a href=\"https:\/\/www.af-kulturstiftung.de\/wordpress\/en\/af_ze_61_0003\/\" aria-label=\"AF_ZE_61_0003\"><img loading=\"lazy\" decoding=\"async\" width=\"768\" height=\"462\" src=\"https:\/\/www.af-kulturstiftung.de\/wordpress\/wp-content\/uploads\/AF_ZE_61_0003-768x462.jpg\" class=\"attachment-us_768_0 size-us_768_0 wp-post-image\" alt=\"\" srcset=\"https:\/\/www.af-kulturstiftung.de\/wordpress\/wp-content\/uploads\/AF_ZE_61_0003-768x462.jpg 768w, https:\/\/www.af-kulturstiftung.de\/wordpress\/wp-content\/uploads\/AF_ZE_61_0003-300x181.jpg 300w, https:\/\/www.af-kulturstiftung.de\/wordpress\/wp-content\/uploads\/AF_ZE_61_0003-1024x616.jpg 1024w, https:\/\/www.af-kulturstiftung.de\/wordpress\/wp-content\/uploads\/AF_ZE_61_0003-150x90.jpg 150w\" sizes=\"auto, (max-width: 768px) 100vw, 768px\" \/><\/a><\/div><div class=\"w-post-elm post_content usg_post_content_1\"><p>untitled<br \/>\n1961<br \/>\nInk with pen on paper<br \/>\n8 x 13 cm<\/p>\n<\/div>\t\t<\/div>\r\n\t\t\t<\/article>\r\n\t<article class=\"w-grid-item size_1x1 post-14254 post type-post status-publish format-standard has-post-thumbnail hentry category-leap-in-time category-zeitsprung\" data-id=\"14254\">\r\n\t\t<div class=\"w-grid-item-h\">\r\n\t\t\t\t\t\t<div class=\"w-post-elm post_image usg_post_image_1 stretched\"><a href=\"https:\/\/www.af-kulturstiftung.de\/wordpress\/en\/af_ac_23_0016\/\" aria-label=\"AF_AC_23_0016\"><img loading=\"lazy\" decoding=\"async\" width=\"768\" height=\"857\" src=\"https:\/\/www.af-kulturstiftung.de\/wordpress\/wp-content\/uploads\/AF_AC_23_0016-768x857.jpg\" class=\"attachment-us_768_0 size-us_768_0 wp-post-image\" alt=\"\" srcset=\"https:\/\/www.af-kulturstiftung.de\/wordpress\/wp-content\/uploads\/AF_AC_23_0016-768x857.jpg 768w, https:\/\/www.af-kulturstiftung.de\/wordpress\/wp-content\/uploads\/AF_AC_23_0016-269x300.jpg 269w, https:\/\/www.af-kulturstiftung.de\/wordpress\/wp-content\/uploads\/AF_AC_23_0016-918x1024.jpg 918w, https:\/\/www.af-kulturstiftung.de\/wordpress\/wp-content\/uploads\/AF_AC_23_0016-134x150.jpg 134w\" sizes=\"auto, (max-width: 768px) 100vw, 768px\" \/><\/a><\/div><div class=\"w-post-elm post_content usg_post_content_1\"><p>untitled<br \/>\n2023<br \/>\nAcrylic on paper<br \/>\n56 x 78,5 cm<\/p>\n<\/div>\t\t<\/div>\r\n\t\t\t<\/article>\r\n\t<article class=\"w-grid-item size_1x1 post-14252 post type-post status-publish format-standard has-post-thumbnail hentry category-leap-in-time category-zeitsprung\" data-id=\"14252\">\r\n\t\t<div class=\"w-grid-item-h\">\r\n\t\t\t\t\t\t<div class=\"w-post-elm post_image usg_post_image_1 stretched\"><a href=\"https:\/\/www.af-kulturstiftung.de\/wordpress\/en\/af_ac_23_0018\/\" aria-label=\"AF_AC_23_0018\"><img loading=\"lazy\" decoding=\"async\" width=\"768\" height=\"592\" src=\"https:\/\/www.af-kulturstiftung.de\/wordpress\/wp-content\/uploads\/AF_AC_23_0018-768x592.jpg\" class=\"attachment-us_768_0 size-us_768_0 wp-post-image\" alt=\"\" srcset=\"https:\/\/www.af-kulturstiftung.de\/wordpress\/wp-content\/uploads\/AF_AC_23_0018-768x592.jpg 768w, https:\/\/www.af-kulturstiftung.de\/wordpress\/wp-content\/uploads\/AF_AC_23_0018-300x231.jpg 300w, https:\/\/www.af-kulturstiftung.de\/wordpress\/wp-content\/uploads\/AF_AC_23_0018-1024x789.jpg 1024w, https:\/\/www.af-kulturstiftung.de\/wordpress\/wp-content\/uploads\/AF_AC_23_0018-150x116.jpg 150w\" sizes=\"auto, (max-width: 768px) 100vw, 768px\" \/><\/a><\/div><div class=\"w-post-elm post_content usg_post_content_1\"><p>untitled<br \/>\n2023<br \/>\nAcrylic on paper<br \/>\n30 x 37 cm<\/p>\n<\/div>\t\t<\/div>\r\n\t\t\t<\/article>\r\n\t<article class=\"w-grid-item size_1x1 post-14250 post type-post status-publish format-standard has-post-thumbnail hentry category-leap-in-time category-zeitsprung\" data-id=\"14250\">\r\n\t\t<div class=\"w-grid-item-h\">\r\n\t\t\t\t\t\t<div class=\"w-post-elm post_image usg_post_image_1 stretched\"><a href=\"https:\/\/www.af-kulturstiftung.de\/wordpress\/en\/af_ac_23_0012\/\" aria-label=\"AF_AC_23_0012\"><img loading=\"lazy\" decoding=\"async\" width=\"768\" height=\"793\" src=\"https:\/\/www.af-kulturstiftung.de\/wordpress\/wp-content\/uploads\/AF_AC_23_0012-768x793.jpg\" class=\"attachment-us_768_0 size-us_768_0 wp-post-image\" alt=\"\" srcset=\"https:\/\/www.af-kulturstiftung.de\/wordpress\/wp-content\/uploads\/AF_AC_23_0012-768x793.jpg 768w, https:\/\/www.af-kulturstiftung.de\/wordpress\/wp-content\/uploads\/AF_AC_23_0012-291x300.jpg 291w, https:\/\/www.af-kulturstiftung.de\/wordpress\/wp-content\/uploads\/AF_AC_23_0012-992x1024.jpg 992w, https:\/\/www.af-kulturstiftung.de\/wordpress\/wp-content\/uploads\/AF_AC_23_0012-145x150.jpg 145w\" sizes=\"auto, (max-width: 768px) 100vw, 768px\" \/><\/a><\/div><div class=\"w-post-elm post_content usg_post_content_1\"><p>untitled<br \/>\n2023<br \/>\nAcrylic on paper<br \/>\n46,5 x 47 cm<\/p>\n<\/div>\t\t<\/div>\r\n\t\t\t<\/article>\r\n\t<article class=\"w-grid-item size_1x1 post-14248 post type-post status-publish format-standard has-post-thumbnail hentry category-leap-in-time category-zeitsprung\" data-id=\"14248\">\r\n\t\t<div class=\"w-grid-item-h\">\r\n\t\t\t\t\t\t<div class=\"w-post-elm post_image usg_post_image_1 stretched\"><a href=\"https:\/\/www.af-kulturstiftung.de\/wordpress\/en\/af_ac_23_0001\/\" aria-label=\"AF_AC_23_0001\"><img loading=\"lazy\" decoding=\"async\" width=\"768\" height=\"1032\" src=\"https:\/\/www.af-kulturstiftung.de\/wordpress\/wp-content\/uploads\/AF_AC_23_0001-Kopie-768x1032.jpg\" class=\"attachment-us_768_0 size-us_768_0 wp-post-image\" alt=\"\" srcset=\"https:\/\/www.af-kulturstiftung.de\/wordpress\/wp-content\/uploads\/AF_AC_23_0001-Kopie-768x1032.jpg 768w, https:\/\/www.af-kulturstiftung.de\/wordpress\/wp-content\/uploads\/AF_AC_23_0001-Kopie-223x300.jpg 223w, https:\/\/www.af-kulturstiftung.de\/wordpress\/wp-content\/uploads\/AF_AC_23_0001-Kopie-762x1024.jpg 762w, https:\/\/www.af-kulturstiftung.de\/wordpress\/wp-content\/uploads\/AF_AC_23_0001-Kopie-112x150.jpg 112w, https:\/\/www.af-kulturstiftung.de\/wordpress\/wp-content\/uploads\/AF_AC_23_0001-Kopie-scaled.jpg 1905w\" sizes=\"auto, (max-width: 768px) 100vw, 768px\" \/><\/a><\/div><div class=\"w-post-elm post_content usg_post_content_1\"><p>untitled<br \/>\n2023<br \/>\nAcrylic on paper<br \/>\n105 x 78 cm<\/p>\n<\/div>\t\t<\/div>\r\n\t\t\t<\/article>\r\n\t<article class=\"w-grid-item size_1x1 post-14246 post type-post status-publish format-standard has-post-thumbnail hentry category-leap-in-time category-zeitsprung\" data-id=\"14246\">\r\n\t\t<div class=\"w-grid-item-h\">\r\n\t\t\t\t\t\t<div class=\"w-post-elm post_image usg_post_image_1 stretched\"><a href=\"https:\/\/www.af-kulturstiftung.de\/wordpress\/en\/af_ze_61_0009\/\" aria-label=\"AF_ZE_61_0009\"><img loading=\"lazy\" decoding=\"async\" width=\"768\" height=\"465\" src=\"https:\/\/www.af-kulturstiftung.de\/wordpress\/wp-content\/uploads\/AF_ZE_61_0009-768x465.jpg\" class=\"attachment-us_768_0 size-us_768_0 wp-post-image\" alt=\"\" srcset=\"https:\/\/www.af-kulturstiftung.de\/wordpress\/wp-content\/uploads\/AF_ZE_61_0009-768x465.jpg 768w, https:\/\/www.af-kulturstiftung.de\/wordpress\/wp-content\/uploads\/AF_ZE_61_0009-300x182.jpg 300w, https:\/\/www.af-kulturstiftung.de\/wordpress\/wp-content\/uploads\/AF_ZE_61_0009-1024x620.jpg 1024w, https:\/\/www.af-kulturstiftung.de\/wordpress\/wp-content\/uploads\/AF_ZE_61_0009-150x91.jpg 150w\" sizes=\"auto, (max-width: 768px) 100vw, 768px\" \/><\/a><\/div><div class=\"w-post-elm post_content usg_post_content_1\"><p>untitled<br \/>\n1961<br \/>\nInk with pen on paper<br \/>\n8 x 13 cm<\/p>\n<\/div>\t\t<\/div>\r\n\t\t\t<\/article>\r\n\t<article class=\"w-grid-item size_1x1 post-14244 post type-post status-publish format-standard has-post-thumbnail hentry category-leap-in-time category-zeitsprung\" data-id=\"14244\">\r\n\t\t<div class=\"w-grid-item-h\">\r\n\t\t\t\t\t\t<div class=\"w-post-elm post_image usg_post_image_1 stretched\"><a href=\"https:\/\/www.af-kulturstiftung.de\/wordpress\/en\/af_ze_61_0004\/\" aria-label=\"AF_ZE_61_0004\"><img loading=\"lazy\" decoding=\"async\" width=\"768\" height=\"447\" src=\"https:\/\/www.af-kulturstiftung.de\/wordpress\/wp-content\/uploads\/AF_ZE_61_0004-768x447.jpg\" class=\"attachment-us_768_0 size-us_768_0 wp-post-image\" alt=\"\" srcset=\"https:\/\/www.af-kulturstiftung.de\/wordpress\/wp-content\/uploads\/AF_ZE_61_0004-768x447.jpg 768w, https:\/\/www.af-kulturstiftung.de\/wordpress\/wp-content\/uploads\/AF_ZE_61_0004-300x175.jpg 300w, https:\/\/www.af-kulturstiftung.de\/wordpress\/wp-content\/uploads\/AF_ZE_61_0004-1024x596.jpg 1024w, https:\/\/www.af-kulturstiftung.de\/wordpress\/wp-content\/uploads\/AF_ZE_61_0004-150x87.jpg 150w\" sizes=\"auto, (max-width: 768px) 100vw, 768px\" \/><\/a><\/div><div class=\"w-post-elm post_content usg_post_content_1\"><p>untitled<br \/>\n1961<br \/>\nInk with pen on paper<br \/>\n8 x 13 cm<\/p>\n<\/div>\t\t<\/div>\r\n\t\t\t<\/article>\r\n\t<article class=\"w-grid-item size_1x1 post-14242 post type-post status-publish format-standard has-post-thumbnail hentry category-leap-in-time category-zeitsprung\" data-id=\"14242\">\r\n\t\t<div class=\"w-grid-item-h\">\r\n\t\t\t\t\t\t<div class=\"w-post-elm post_image usg_post_image_1 stretched\"><a href=\"https:\/\/www.af-kulturstiftung.de\/wordpress\/en\/af_ze_61_0001\/\" aria-label=\"AF_ZE_61_0001\"><img loading=\"lazy\" decoding=\"async\" width=\"768\" height=\"471\" src=\"https:\/\/www.af-kulturstiftung.de\/wordpress\/wp-content\/uploads\/AF_ZE_61_0001-768x471.jpg\" class=\"attachment-us_768_0 size-us_768_0 wp-post-image\" alt=\"\" srcset=\"https:\/\/www.af-kulturstiftung.de\/wordpress\/wp-content\/uploads\/AF_ZE_61_0001-768x471.jpg 768w, https:\/\/www.af-kulturstiftung.de\/wordpress\/wp-content\/uploads\/AF_ZE_61_0001-300x184.jpg 300w, https:\/\/www.af-kulturstiftung.de\/wordpress\/wp-content\/uploads\/AF_ZE_61_0001-1024x628.jpg 1024w, https:\/\/www.af-kulturstiftung.de\/wordpress\/wp-content\/uploads\/AF_ZE_61_0001-150x92.jpg 150w\" sizes=\"auto, (max-width: 768px) 100vw, 768px\" \/><\/a><\/div><div class=\"w-post-elm post_content usg_post_content_1\"><p>Confusion<br \/>\n1961<br \/>\nInk with pen on paper<br \/>\n8 x 13 cm<\/p>\n<\/div>\t\t<\/div>\r\n\t\t\t<\/article>\r\n\t<article class=\"w-grid-item size_1x1 post-13972 post type-post status-publish format-standard has-post-thumbnail hentry category-leap-in-time category-zeitsprung\" data-id=\"13972\">\r\n\t\t<div class=\"w-grid-item-h\">\r\n\t\t\t\t\t\t<div class=\"w-post-elm post_image usg_post_image_1 stretched\"><a href=\"https:\/\/www.af-kulturstiftung.de\/wordpress\/en\/af_ze_61_0007\/\" aria-label=\"AF_ZE_61_0007\"><img loading=\"lazy\" decoding=\"async\" width=\"768\" height=\"478\" src=\"https:\/\/www.af-kulturstiftung.de\/wordpress\/wp-content\/uploads\/AF_ZE_61_0007-768x478.jpg\" class=\"attachment-us_768_0 size-us_768_0 wp-post-image\" alt=\"\" srcset=\"https:\/\/www.af-kulturstiftung.de\/wordpress\/wp-content\/uploads\/AF_ZE_61_0007-768x478.jpg 768w, https:\/\/www.af-kulturstiftung.de\/wordpress\/wp-content\/uploads\/AF_ZE_61_0007-300x187.jpg 300w, https:\/\/www.af-kulturstiftung.de\/wordpress\/wp-content\/uploads\/AF_ZE_61_0007-1024x637.jpg 1024w, https:\/\/www.af-kulturstiftung.de\/wordpress\/wp-content\/uploads\/AF_ZE_61_0007-150x93.jpg 150w\" sizes=\"auto, (max-width: 768px) 100vw, 768px\" \/><\/a><\/div><div class=\"w-post-elm post_content usg_post_content_1\"><p>untitled<br \/>\n1961<br \/>\nInk with pen on paper<br \/>\n8 x 13 cm<\/p>\n<\/div>\t\t<\/div>\r\n\t\t\t<\/article>\r\n<\/div>\t<div class=\"w-grid-preloader\">\r\n\t\t<div class=\"g-preloader type_1\">\r\n\t\t\t<div><\/div>\r\n\t\t<\/div>\r\n\t<\/div>\r\n\t\t<div class=\"w-grid-json hidden\" onclick='return {&quot;action&quot;:&quot;us_ajax_grid&quot;,&quot;infinite_scroll&quot;:0,&quot;max_num_pages&quot;:1,&quot;pagination&quot;:&quot;none&quot;,&quot;template_vars&quot;:{&quot;columns&quot;:&quot;4&quot;,&quot;exclude_items&quot;:&quot;none&quot;,&quot;img_size&quot;:&quot;us_768_0&quot;,&quot;ignore_items_size&quot;:0,&quot;items_layout&quot;:&quot;6333&quot;,&quot;items_offset&quot;:&quot;1&quot;,&quot;load_animation&quot;:&quot;none&quot;,&quot;overriding_link&quot;:&quot;{\\&quot;url\\&quot;:\\&quot;\\&quot;}&quot;,&quot;post_id&quot;:0,&quot;query_args&quot;:{&quot;post_type&quot;:[&quot;post&quot;],&quot;tax_query&quot;:[{&quot;taxonomy&quot;:&quot;category&quot;,&quot;field&quot;:&quot;slug&quot;,&quot;terms&quot;:[&quot;zeitsprung&quot;,&quot;leap-in-time&quot;]}],&quot;post_status&quot;:[&quot;publish&quot;],&quot;posts_per_page&quot;:&quot;50&quot;},&quot;orderby_query_args&quot;:{&quot;orderby&quot;:{&quot;date&quot;:&quot;ASC&quot;}},&quot;type&quot;:&quot;grid&quot;,&quot;us_grid_post_type&quot;:&quot;post&quot;,&quot;us_grid_ajax_index&quot;:1,&quot;us_grid_filter_query_string&quot;:null,&quot;us_grid_index&quot;:1,&quot;page_args&quot;:[],&quot;lang&quot;:&quot;en&quot;}}'><\/div>\r\n\t<\/div><\/div><\/div><\/div><\/div><\/div><\/section>\n","protected":false},"excerpt":{"rendered":"ONLINE EXHIBITIONS \/ LEAP IN TIME Andreas Felger, untitled, 1961Ink with pen on paper, 8 x 13 cm \u00a9 AFKSuntitled 1961 Ink with pen on paper 8 x 13 cm AF_ZE_61_0007 not for sale back to overviewPrevious PostAF_ZE_61_0001","protected":false},"author":4,"featured_media":0,"parent":13931,"menu_order":0,"comment_status":"closed","ping_status":"closed","template":"","meta":{"h5ap_radio_sources":[],"footnotes":""},"class_list":["post-13941","page","type-page","status-publish","hentry"],"_links":{"self":[{"href":"https:\/\/www.af-kulturstiftung.de\/wordpress\/en\/wp-json\/wp\/v2\/pages\/13941","targetHints":{"allow":["GET"]}}],"collection":[{"href":"https:\/\/www.af-kulturstiftung.de\/wordpress\/en\/wp-json\/wp\/v2\/pages"}],"about":[{"href":"https:\/\/www.af-kulturstiftung.de\/wordpress\/en\/wp-json\/wp\/v2\/types\/page"}],"author":[{"embeddable":true,"href":"https:\/\/www.af-kulturstiftung.de\/wordpress\/en\/wp-json\/wp\/v2\/users\/4"}],"replies":[{"embeddable":true,"href":"https:\/\/www.af-kulturstiftung.de\/wordpress\/en\/wp-json\/wp\/v2\/comments?post=13941"}],"version-history":[{"count":0,"href":"https:\/\/www.af-kulturstiftung.de\/wordpress\/en\/wp-json\/wp\/v2\/pages\/13941\/revisions"}],"up":[{"embeddable":true,"href":"https:\/\/www.af-kulturstiftung.de\/wordpress\/en\/wp-json\/wp\/v2\/pages\/13931"}],"wp:attachment":[{"href":"https:\/\/www.af-kulturstiftung.de\/wordpress\/en\/wp-json\/wp\/v2\/media?parent=13941"}],"curies":[{"name":"wp","href":"https:\/\/api.w.org\/{rel}","templated":true}]}}